{"id":10,"date":"2020-03-04T11:22:05","date_gmt":"2020-03-04T10:22:05","guid":{"rendered":"https:\/\/www.opalinka.cz\/bubenec\/reviews\/"},"modified":"2023-05-23T09:27:05","modified_gmt":"2023-05-23T07:27:05","slug":"reviews","status":"publish","type":"page","link":"https:\/\/www.opalinka.cz\/bubenec\/en\/reviews\/","title":{"rendered":"Reviews"},"content":{"rendered":"<p>[et_pb_section fb_built=&#8220;1&#8243; fullwidth=&#8220;on&#8220; custom_padding_last_edited=&#8220;on|phone&#8220; next_background_color=&#8220;#ffffff&#8220; admin_label=&#8220;Header&#8220; _builder_version=&#8220;4.16&#8243; background_color=&#8220;#fab400&#8243; background_image=&#8220;https:\/\/www.opalinka.cz\/flora\/wp-content\/uploads\/sites\/2\/2020\/02\/day_care_bg_02.png&#8220; parallax=&#8220;on&#8220; custom_margin=&#8220;||&#8220; custom_padding=&#8220;11vw|||||&#8220; custom_padding_tablet=&#8220;&#8220; custom_padding_phone=&#8220;28vw||||false|false&#8220; bottom_divider_style=&#8220;waves&#8220; bottom_divider_height=&#8220;2vw&#8220; bottom_divider_height_last_edited=&#8220;off|desktop&#8220; global_colors_info=&#8220;{}&#8220;][et_pb_fullwidth_header text_orientation=&#8220;center&#8220; content_max_width=&#8220;650px&#8220; _builder_version=&#8220;4.16&#8243; title_font=&#8220;Varela Round|700|||||||&#8220; title_font_size=&#8220;68px&#8220; title_line_height=&#8220;1.4em&#8220; content_font=&#8220;Open Sans||||||||&#8220; content_font_size=&#8220;18px&#8220; content_line_height=&#8220;1.8em&#8220; background_color=&#8220;rgba(126,190,197,0)&#8220; custom_button_one=&#8220;on&#8220; button_one_text_size=&#8220;16px&#8220; button_one_text_color=&#8220;#ff236c&#8220; button_one_bg_color=&#8220;#ffffff&#8220; button_one_border_width=&#8220;12px&#8220; button_one_border_color=&#8220;rgba(0,0,0,0)&#8220; button_one_border_radius=&#8220;50px&#8220; button_one_letter_spacing=&#8220;4px&#8220; button_one_font=&#8220;Varela Round|700||on|||||&#8220; button_one_use_icon=&#8220;off&#8220; custom_button_two=&#8220;on&#8220; button_two_text_size=&#8220;16px&#8220; button_two_text_color=&#8220;#ff236c&#8220; button_two_bg_color=&#8220;#ffffff&#8220; button_two_border_width=&#8220;12px&#8220; button_two_border_color=&#8220;#ffffff&#8220; button_two_border_radius=&#8220;50px&#8220; button_two_letter_spacing=&#8220;4px&#8220; button_two_font=&#8220;Varela Round|900||on|||||&#8220; button_two_use_icon=&#8220;off&#8220; min_height=&#8220;206px&#8220; custom_margin=&#8220;-105px||-3px|||&#8220; custom_padding=&#8220;0px||0px||true|&#8220; custom_padding_last_edited=&#8220;off|desktop&#8220; animation_style=&#8220;zoom&#8220; animation_intensity_zoom=&#8220;5%&#8220; title_font_size_tablet=&#8220;60px&#8220; title_font_size_phone=&#8220;40px&#8220; title_font_size_last_edited=&#8220;on|phone&#8220; content_font_size_tablet=&#8220;&#8220; content_font_size_phone=&#8220;16px&#8220; content_font_size_last_edited=&#8220;on|phone&#8220; custom_css_header_container=&#8220;width: 100%;&#8220; title_text_shadow_style=&#8220;preset1&#8243; title_text_shadow_blur_strength=&#8220;0.14em&#8220; title_text_shadow_color=&#8220;rgba(0,0,0,0.12)&#8220; box_shadow_style_button_one=&#8220;preset3&#8243; box_shadow_blur_button_one=&#8220;48px&#8220; button_one_letter_spacing_hover=&#8220;4px&#8220; button_two_letter_spacing_hover=&#8220;4px&#8220; global_colors_info=&#8220;{}&#8220; button_one_text_size__hover_enabled=&#8220;off&#8220; button_two_text_size__hover_enabled=&#8220;off&#8220; button_one_text_color__hover_enabled=&#8220;off&#8220; button_two_text_color__hover_enabled=&#8220;off&#8220; button_one_border_width__hover_enabled=&#8220;off&#8220; button_two_border_width__hover_enabled=&#8220;off&#8220; button_one_border_color__hover_enabled=&#8220;off&#8220; button_two_border_color__hover_enabled=&#8220;off&#8220; button_one_border_radius__hover_enabled=&#8220;off&#8220; button_two_border_radius__hover_enabled=&#8220;off&#8220; button_one_letter_spacing__hover_enabled=&#8220;on&#8220; button_one_letter_spacing__hover=&#8220;4px&#8220; button_two_letter_spacing__hover_enabled=&#8220;on&#8220; button_two_letter_spacing__hover=&#8220;4px&#8220; button_one_bg_color__hover_enabled=&#8220;off&#8220; button_two_bg_color__hover_enabled=&#8220;off&#8220; background_color__hover=&#8220;#7EBEC5&#8243; background_color__hover_enabled=&#8220;#7EBEC5&#8243; use_background_color_gradient__hover=&#8220;off&#8220; use_background_color_gradient__hover_enabled=&#8220;off&#8220; background_color_gradient_start__hover=&#8220;#2b87da&#8220; background_color_gradient_start__hover_enabled=&#8220;#2b87da&#8220; background_color_gradient_end__hover=&#8220;#29c4a9&#8243; background_color_gradient_end__hover_enabled=&#8220;#29c4a9&#8243; background_color_gradient_type__hover=&#8220;linear&#8220; background_color_gradient_type__hover_enabled=&#8220;linear&#8220; background_color_gradient_direction__hover=&#8220;180deg&#8220; background_color_gradient_direction__hover_enabled=&#8220;180deg&#8220; background_color_gradient_direction_radial__hover=&#8220;center&#8220; background_color_gradient_direction_radial__hover_enabled=&#8220;center&#8220; background_color_gradient_start_position__hover=&#8220;0%&#8220; background_color_gradient_start_position__hover_enabled=&#8220;0%&#8220; background_color_gradient_end_position__hover=&#8220;100%&#8220; background_color_gradient_end_position__hover_enabled=&#8220;100%&#8220; background_color_gradient_overlays_image__hover=&#8220;off&#8220; background_color_gradient_overlays_image__hover_enabled=&#8220;off&#8220; parallax__hover=&#8220;off&#8220; parallax__hover_enabled=&#8220;off&#8220; parallax_method__hover=&#8220;off&#8220; parallax_method__hover_enabled=&#8220;off&#8220; background_size__hover=&#8220;cover&#8220; background_size__hover_enabled=&#8220;cover&#8220; background_position__hover=&#8220;center&#8220; background_position__hover_enabled=&#8220;center&#8220; background_repeat__hover=&#8220;no-repeat&#8220; background_repeat__hover_enabled=&#8220;no-repeat&#8220; background_blend__hover=&#8220;normal&#8220; background_blend__hover_enabled=&#8220;normal&#8220; allow_player_pause__hover=&#8220;off&#8220; allow_player_pause__hover_enabled=&#8220;off&#8220; background_video_pause_outside_viewport__hover=&#8220;on&#8220; background_video_pause_outside_viewport__hover_enabled=&#8220;on&#8220; background_color_gradient_stops__hover=&#8220;#2b87da 0%|#29c4a9 100%&#8220;]<\/p>\n<h1>Testimonials<\/h1>\n<p>There is a golden rule in Opalinka: the first child is always followed by other siblings to our kindergarten. Children appreciate our kind approach and playful program, and parents are excited about the advances children make almost every day.[\/et_pb_fullwidth_header][et_pb_fullwidth_image src=&#8220;https:\/\/www.opalinka.cz\/flora\/wp-content\/uploads\/sites\/2\/2020\/02\/Opalinka-dome\u010dek.png&#8220; _builder_version=&#8220;4.16&#8243; custom_margin=&#8220;-15vw|||||&#8220; custom_padding=&#8220;44px|||||&#8220; filter_brightness=&#8220;110%&#8220; animation_style=&#8220;slide&#8220; animation_direction=&#8220;bottom&#8220; animation_intensity_slide=&#8220;1%&#8220; global_colors_info=&#8220;{}&#8220;][\/et_pb_fullwidth_image][\/et_pb_section][et_pb_section fb_built=&#8220;1&#8243; admin_label=&#8220;Staff&#8220; _builder_version=&#8220;4.16&#8243; background_image=&#8220;https:\/\/www.opalinka.cz\/flora\/wp-content\/uploads\/sites\/2\/2020\/02\/shapes-bg-color-1.png&#8220; background_position=&#8220;top_center&#8220; custom_padding=&#8220;|||&#8220; global_colors_info=&#8220;{}&#8220;][et_pb_row admin_label=&#8220;Title Row&#8220; _builder_version=&#8220;4.16&#8243; custom_margin_tablet=&#8220;&#8220; custom_margin_phone=&#8220;-45px||-29px||false|false&#8220; custom_margin_last_edited=&#8220;on|phone&#8220; global_colors_info=&#8220;{}&#8220;][et_pb_column type=&#8220;4_4&#8243; _builder_version=&#8220;4.16&#8243; custom_padding=&#8220;|||&#8220; global_colors_info=&#8220;{}&#8220; custom_padding__hover=&#8220;|||&#8220;][et_pb_text _builder_version=&#8220;4.16&#8243; text_font=&#8220;||||||||&#8220; header_font=&#8220;||||||||&#8220; header_2_font=&#8220;Varela Round|700|||||||&#8220; header_2_text_align=&#8220;left&#8220; header_2_font_size=&#8220;50px&#8220; header_2_line_height=&#8220;1.2em&#8220; max_width=&#8220;1171px&#8220; module_alignment=&#8220;left&#8220; header_2_font_size_tablet=&#8220;50px&#8220; header_2_font_size_phone=&#8220;30px&#8220; header_2_font_size_last_edited=&#8220;on|phone&#8220; locked=&#8220;off&#8220; global_colors_info=&#8220;{}&#8220;]<\/p>\n<h2 style=\"text-align: center\">What parents say about Opalinka?&nbsp;<\/h2>\n<p>[\/et_pb_text][\/et_pb_column][\/et_pb_row][et_pb_row column_structure=&#8220;1_2,1_2&#8243; make_equal=&#8220;on&#8220; _builder_version=&#8220;4.16&#8243; global_colors_info=&#8220;{}&#8220;][et_pb_column type=&#8220;1_2&#8243; _builder_version=&#8220;4.16&#8243; global_colors_info=&#8220;{}&#8220;][et_pb_text _builder_version=&#8220;4.16&#8243; text_font=&#8220;Varela Round|700|||||||&#8220; text_font_size=&#8220;20px&#8220; global_colors_info=&#8220;{}&#8220;]<\/p>\n<p style=\"text-align: center\">Thais Castanheira de Casto and her son Leo (English)<\/p>\n<p>[\/et_pb_text][et_pb_text _builder_version=&#8220;4.16&#8243; text_font=&#8220;Varela Round||||||||&#8220; text_font_size=&#8220;18px&#8220; background_color=&#8220;#ffffff&#8220; custom_margin=&#8220;0px||||false|false&#8220; custom_margin_tablet=&#8220;&#8220; custom_margin_phone=&#8220;0px||-71px||false|false&#8220; custom_margin_last_edited=&#8220;on|phone&#8220; custom_padding=&#8220;10px|15px|10px|15px|false|false&#8220; global_colors_info=&#8220;{}&#8220;]&#8220;Leonardo is Brazilian and speaks Portuguese, so we wanted him to go to a bilingual school where he could learn English and Czech. We also wanted a place he could stay until going to primary school and it was a surprise discovering Central Preschool. You would think a 3yo boy wouldn\u2019t want to go to school and stay home with mommy, but he absolutely loves it!It\u2019s incredible to see how much he has learnt since he started there, 10 months ago. His vocabulary in English is superb, he can already understand Czech and speak very well. Not to mention all the great experiences \u2013 artistic, sportistic, turistic \u2013 he\u2019s enjoying. We are all so happy with the school and the teachers and the whole program.&#8220;[\/et_pb_text][\/et_pb_column][et_pb_column type=&#8220;1_2&#8243; _builder_version=&#8220;4.16&#8243; custom_padding=&#8220;42px||||false|false&#8220; global_colors_info=&#8220;{}&#8220;][et_pb_text _builder_version=&#8220;4.16&#8243; text_font=&#8220;Varela Round||||||||&#8220; text_font_size=&#8220;18px&#8220; background_color=&#8220;#ffffff&#8220; custom_margin=&#8220;0px||||false|false&#8220; custom_margin_tablet=&#8220;&#8220; custom_margin_phone=&#8220;0px||-71px||false|false&#8220; custom_margin_last_edited=&#8220;on|phone&#8220; custom_padding=&#8220;10px|15px|10px|15px|false|false&#8220; global_colors_info=&#8220;{}&#8220;]<img loading=\"lazy\" decoding=\"async\" src=\"https:\/\/www.opalinka.cz\/flora\/wp-content\/uploads\/sites\/2\/2021\/07\/IMG-20210723-WA0007-225x300.jpg\" width=\"225\" height=\"300\" alt=\"\" class=\"wp-image-3370 alignnone size-medium\">[\/et_pb_text][\/et_pb_column][\/et_pb_row][\/et_pb_section][et_pb_section fb_built=&#8220;1&#8243; admin_label=&#8220;Call to Action&#8220; _builder_version=&#8220;4.16&#8243; use_background_color_gradient=&#8220;on&#8220; background_color_gradient_direction=&#8220;75deg&#8220; background_color_gradient_stops=&#8220;#ffbf86 0%|#ff5675 100%&#8220; background_color_gradient_start=&#8220;#ffbf86&#8243; background_color_gradient_end=&#8220;#ff5675&#8243; background_image=&#8220;https:\/\/www.opalinka.cz\/flora\/wp-content\/uploads\/sites\/2\/2020\/02\/day_care_bg_02.png&#8220; background_size=&#8220;initial&#8220; max_width=&#8220;75%&#8220; max_width_tablet=&#8220;&#8220; max_width_phone=&#8220;95%&#8220; max_width_last_edited=&#8220;on|phone&#8220; module_alignment=&#8220;center&#8220; custom_margin=&#8220;||||false|false&#8220; custom_margin_tablet=&#8220;40px||||false&#8220; custom_margin_phone=&#8220;&#8220; custom_margin_last_edited=&#8220;on|phone&#8220; custom_padding=&#8220;2vw||2vw||true|false&#8220; border_radii=&#8220;on|38px|38px|38px|38px&#8220; box_shadow_style=&#8220;preset3&#8243; box_shadow_vertical=&#8220;82px&#8220; box_shadow_blur=&#8220;94px&#8220; box_shadow_spread=&#8220;-60px&#8220; box_shadow_color=&#8220;rgba(0,0,0,0.22)&#8220; global_colors_info=&#8220;{}&#8220;][et_pb_row column_structure=&#8220;1_2,1_2&#8243; _builder_version=&#8220;4.16&#8243; global_colors_info=&#8220;{}&#8220;][et_pb_column type=&#8220;1_2&#8243; _builder_version=&#8220;4.16&#8243; global_colors_info=&#8220;{}&#8220;][et_pb_text _builder_version=&#8220;4.16&#8243; text_font=&#8220;Varela Round|700|||||||&#8220; text_text_color=&#8220;#ffffff&#8220; text_font_size=&#8220;18px&#8220; header_4_font=&#8220;Varela Round|700|||||||&#8220; header_4_text_color=&#8220;#ffffff&#8220; header_4_font_size=&#8220;20px&#8220; background_color=&#8220;rgba(0,0,0,0)&#8220; custom_margin=&#8220;0px||||false|false&#8220; custom_padding=&#8220;0px|15px|11px|15px|false|false&#8220; global_colors_info=&#8220;{}&#8220;]<strong>Lenka C. and daughter of Sofie<\/strong><\/p>\n<p>&#8222;We discovered Opalinka by chance, when we were looking for a good kindergarten for our, at that time not even three-year-old daughter Sofie, which would combine teaching in both Czech and English. Opalinka clearly fulfilled all our requirements for beautiful and modern furnished kindergarten and we were pleasantly surprised by the varied program, and always pleasant and smiling teachers who are really devoted to the children.<\/p>\n<p>The morning program is entirely in English with native speakers and in the afternoon it is mixed also with Czech. As a result, our daughter plays and talks in English with her toys at home, or even sits at her desk for several hours, cutting, gluing, drawing, or painting, humming a song or showing us all the elements of yoga, she learned in kindergarten. In a single word: amazing!&#8220;[\/et_pb_text][\/et_pb_column][et_pb_column type=&#8220;1_2&#8243; _builder_version=&#8220;4.16&#8243; background_color=&#8220;rgba(0,0,0,0)&#8220; custom_padding=&#8220;||||false|false&#8220; global_colors_info=&#8220;{}&#8220;][et_pb_image src=&#8220;https:\/\/www.opalinka.cz\/flora\/wp-content\/uploads\/sites\/2\/2020\/02\/Lenka-C.-285&#215;300-1.jpg&#8220; align=&#8220;center&#8220; _builder_version=&#8220;4.16&#8243; global_colors_info=&#8220;{}&#8220;][\/et_pb_image][\/et_pb_column][\/et_pb_row][\/et_pb_section][et_pb_section fb_built=&#8220;1&#8243; admin_label=&#8220;Staff&#8220; _builder_version=&#8220;4.16&#8243; background_image=&#8220;https:\/\/www.opalinka.cz\/flora\/wp-content\/uploads\/sites\/2\/2020\/02\/shapes-bg-color-1.png&#8220; background_position=&#8220;top_center&#8220; custom_margin_tablet=&#8220;&#8220; custom_margin_phone=&#8220;||-68px||false|false&#8220; custom_margin_last_edited=&#8220;on|phone&#8220; custom_padding=&#8220;|||&#8220; global_colors_info=&#8220;{}&#8220;][et_pb_row column_structure=&#8220;1_2,1_2&#8243; _builder_version=&#8220;4.16&#8243; global_colors_info=&#8220;{}&#8220;][et_pb_column type=&#8220;1_2&#8243; _builder_version=&#8220;4.16&#8243; global_colors_info=&#8220;{}&#8220;][et_pb_text _builder_version=&#8220;4.16&#8243; text_font=&#8220;Varela Round|700|||||||&#8220; text_font_size=&#8220;20px&#8220; global_colors_info=&#8220;{}&#8220;]<\/p>\n<p style=\"text-align: center\">Petra Barto\u0148ov\u00e1 and her son \u0160t\u011bp\u00e1n (Czech)<\/p>\n<p>[\/et_pb_text][et_pb_video src=&#8220;https:\/\/www.youtube.com\/watch?v=jK_xAttahCE&#8220; _builder_version=&#8220;4.16&#8243; global_colors_info=&#8220;{}&#8220;][\/et_pb_video][et_pb_video src=&#8220;https:\/\/youtu.be\/nVjRifJdMZg&#8220; _builder_version=&#8220;4.20.4&#8243; hover_enabled=&#8220;0&#8243; global_colors_info=&#8220;{}&#8220; sticky_enabled=&#8220;0&#8243;][\/et_pb_video][\/et_pb_column][et_pb_column type=&#8220;1_2&#8243; _builder_version=&#8220;4.16&#8243; global_colors_info=&#8220;{}&#8220;][et_pb_text _builder_version=&#8220;4.16&#8243; text_font=&#8220;Varela Round|700|||||||&#8220; text_font_size=&#8220;20px&#8220; global_colors_info=&#8220;{}&#8220;]<\/p>\n<p style=\"text-align: center\">Kl\u00e1ra Ma\u0161\u00ednov\u00e1 and her son Tade\u00e1\u0161 (Czech)<\/p>\n<p>[\/et_pb_text][et_pb_video src=&#8220;https:\/\/www.youtube.com\/watch?v=T0_qV-Q8nZM&#8220; _builder_version=&#8220;4.16&#8243; global_colors_info=&#8220;{}&#8220;][\/et_pb_video][et_pb_video src=&#8220;https:\/\/youtu.be\/xMxMqYiwS2g&#8220; _builder_version=&#8220;4.20.4&#8243; hover_enabled=&#8220;0&#8243; global_colors_info=&#8220;{}&#8220; sticky_enabled=&#8220;0&#8243;][\/et_pb_video][\/et_pb_column][\/et_pb_row][\/et_pb_section][et_pb_section fb_built=&#8220;1&#8243; admin_label=&#8220;Call to Action&#8220; _builder_version=&#8220;4.16&#8243; use_background_color_gradient=&#8220;on&#8220; background_color_gradient_direction=&#8220;75deg&#8220; background_color_gradient_stops=&#8220;#ffbf86 0%|#ff5675 100%&#8220; background_color_gradient_start=&#8220;#ffbf86&#8243; background_color_gradient_end=&#8220;#ff5675&#8243; background_image=&#8220;https:\/\/www.opalinka.cz\/flora\/wp-content\/uploads\/sites\/2\/2020\/02\/day_care_bg_02.png&#8220; background_size=&#8220;initial&#8220; max_width=&#8220;75%&#8220; max_width_tablet=&#8220;&#8220; max_width_phone=&#8220;95%&#8220; max_width_last_edited=&#8220;on|phone&#8220; module_alignment=&#8220;center&#8220; custom_margin=&#8220;||55px||false|false&#8220; custom_margin_tablet=&#8220;40px||||false&#8220; custom_margin_phone=&#8220;&#8220; custom_margin_last_edited=&#8220;on|phone&#8220; custom_padding=&#8220;2vw||2vw||true|false&#8220; border_radii=&#8220;on|38px|38px|38px|38px&#8220; box_shadow_style=&#8220;preset3&#8243; box_shadow_vertical=&#8220;82px&#8220; box_shadow_blur=&#8220;94px&#8220; box_shadow_spread=&#8220;-60px&#8220; box_shadow_color=&#8220;rgba(0,0,0,0.22)&#8220; global_colors_info=&#8220;{}&#8220;][et_pb_row column_structure=&#8220;1_2,1_2&#8243; _builder_version=&#8220;4.16&#8243; global_colors_info=&#8220;{}&#8220;][et_pb_column type=&#8220;1_2&#8243; _builder_version=&#8220;4.16&#8243; global_colors_info=&#8220;{}&#8220;][et_pb_image src=&#8220;https:\/\/www.opalinka.cz\/flora\/wp-content\/uploads\/sites\/2\/2020\/02\/Venku-jsme-str-vili-spoustu-asu.-300&#215;168-1.jpg&#8220; align=&#8220;center&#8220; _builder_version=&#8220;4.16&#8243; global_colors_info=&#8220;{}&#8220;][\/et_pb_image][\/et_pb_column][et_pb_column type=&#8220;1_2&#8243; _builder_version=&#8220;4.16&#8243; background_color=&#8220;rgba(0,0,0,0)&#8220; custom_padding=&#8220;||||false|false&#8220; global_colors_info=&#8220;{}&#8220;][et_pb_text _builder_version=&#8220;4.16&#8243; text_font=&#8220;Varela Round|700|||||||&#8220; text_text_color=&#8220;#ffffff&#8220; text_font_size=&#8220;18px&#8220; header_4_font=&#8220;Varela Round|700|||||||&#8220; header_4_text_color=&#8220;#ffffff&#8220; header_4_font_size=&#8220;20px&#8220; background_color=&#8220;rgba(0,0,0,0)&#8220; custom_margin=&#8220;0px||||false|false&#8220; custom_padding=&#8220;0px|15px||15px|false|false&#8220; global_colors_info=&#8220;{}&#8220;]<\/p>\n<h4><span class=\"\">Miroslava Paidarov\u00e1<br \/>\nand her daughters Laura and Anna<\/span><\/h4>\n<p>&#8222;Great, great and great once again. The children liked Opalinka very much and they said: <em>Mom, we don&#8217;t want to go to another kindergarten anymore.<\/em> Maybe it doesn&#8217;t need another comment. I can only highly recommend.&#8220;[\/et_pb_text][\/et_pb_column][\/et_pb_row][\/et_pb_section][et_pb_section fb_built=&#8220;1&#8243; admin_label=&#8220;Contact Info&#8220; module_id=&#8220;kontakt&#8220; _builder_version=&#8220;4.16&#8243; background_color=&#8220;#fab400&#8243; background_image=&#8220;https:\/\/www.opalinka.cz\/flora\/wp-content\/uploads\/sites\/2\/2020\/02\/day_care_bg_02.png&#8220; background_position=&#8220;top_center&#8220; module_alignment=&#8220;right&#8220; min_height=&#8220;444px&#8220; custom_margin=&#8220;-4px|||||&#8220; custom_padding=&#8220;8vw||0px||false|false&#8220; top_divider_style=&#8220;waves&#8220; top_divider_color=&#8220;#ffffff&#8220; top_divider_height=&#8220;6vw&#8220; top_divider_repeat=&#8220;0.75x&#8220; top_divider_flip=&#8220;vertical&#8220; border_radii=&#8220;||||&#8220; box_shadow_style=&#8220;preset6&#8243; box_shadow_vertical=&#8220;100px&#8220; box_shadow_blur=&#8220;140px&#8220; box_shadow_spread=&#8220;-40px&#8220; box_shadow_color=&#8220;rgba(0,0,0,0.07)&#8220; global_module=&#8220;165&#8243; saved_tabs=&#8220;all&#8220; global_colors_info=&#8220;{}&#8220;][et_pb_row column_structure=&#8220;1_3,1_3,1_3&#8243; make_equal=&#8220;on&#8220; _builder_version=&#8220;4.16&#8243; custom_margin=&#8220;|auto|39px|auto||&#8220; global_colors_info=&#8220;{}&#8220;][et_pb_column type=&#8220;1_3&#8243; _builder_version=&#8220;4.16&#8243; custom_padding=&#8220;|||&#8220; global_colors_info=&#8220;{}&#8220; custom_padding__hover=&#8220;|||&#8220;][et_pb_text _builder_version=&#8220;4.20.4&#8243; header_2_font=&#8220;|700|||||||&#8220; header_2_font_size=&#8220;28px&#8220; global_colors_info=&#8220;{}&#8220;]<\/p>\n<h2>Contact<\/h2>\n<p>[\/et_pb_text][et_pb_text _builder_version=&#8220;4.20.4&#8243; global_colors_info=&#8220;{}&#8220;]<\/p>\n<p><span style=\"background-color: #fab400;font-size: 14px\">Opalinka mate\u0159sk\u00e1 \u0161kola a jesle s.r.o.<\/span><span style=\"font-size: 14px\">\u00a0 \u00a0 \u00a0 <\/span><\/p>\n<p><span style=\"background-color: #fab400;font-size: 14px\">Branch Bubene\u010d <\/span><span style=\"font-size: 14px\">\u00a0 \u00a0 \u00a0 \u00a0 \u00a0 \u00a0 \u00a0 \u00a0 \u00a0 \u00a0 \u00a0 \u00a0 \u00a0<\/span><\/p>\n<p><span>Executive director<\/span> Mgr. Elena \u0160arifova<br \/>+420 773 529 411<span style=\"text-decoration: underline\"><\/span><\/p>\n<p><a href=\"mailto:bubenec@opalinka.cz\u00a0\"><span style=\"text-decoration: underline\">bubenec@opalinka.cz\u00a0<\/span><\/a><br \/><span style=\"text-decoration: underline\"> <a href=\"https:\/\/www.facebook.com\/opalinka\u00a0\" target=\"_blank\" rel=\"noopener noreferrer\">facebook.com\/opalinka<\/a><\/span><\/p>\n<p>&nbsp;<\/p>\n<p>[\/et_pb_text][et_pb_text _builder_version=&#8220;4.16&#8243; header_2_font=&#8220;|700|||||||&#8220; header_2_font_size=&#8220;28px&#8220; global_colors_info=&#8220;{}&#8220;]<\/p>\n<h2>Other branches<\/h2>\n<p>[\/et_pb_text][et_pb_text _builder_version=&#8220;4.20.4&#8243; custom_margin_tablet=&#8220;&#8220; custom_margin_phone=&#8220;||31px||false|false&#8220; custom_margin_last_edited=&#8220;on|phone&#8220; global_colors_info=&#8220;{}&#8220;]<\/p>\n<p>All branches navigation<br \/><a href=\"http:\/\/www.opalinka.cz\" target=\"_blank\" rel=\"noopener noreferrer\"><span style=\"text-decoration: underline\">www.opalinka.cz\u00a0<\/span><\/a><\/p>\n<p><span>Branch Flora<\/span><br \/><span><a href=\"https:\/\/www.opalinka.cz\/flora\" target=\"_blank\" rel=\"noopener noreferrer\">www.opalinka.cz\/flora\u00a0<\/a><\/span><\/p>\n<p>Branch \u0158\u00ed\u010dany<br \/><span style=\"text-decoration: underline\"><a href=\"http:\/\/www.opalinka.cz\/ricany\" target=\"_blank\" rel=\"noopener noreferrer\">www.opalinka.cz\/ricany<\/a><\/span><\/p>\n<p>[\/et_pb_text][\/et_pb_column][et_pb_column type=&#8220;1_3&#8243; _builder_version=&#8220;4.16&#8243; background_enable_color=&#8220;off&#8220; custom_padding=&#8220;|||&#8220; global_colors_info=&#8220;{}&#8220; custom_padding__hover=&#8220;|||&#8220;][et_pb_text _builder_version=&#8220;4.16&#8243; header_2_font=&#8220;|700|||||||&#8220; header_2_font_size=&#8220;28px&#8220; global_colors_info=&#8220;{}&#8220;]<\/p>\n<h2>Address<\/h2>\n<p>[\/et_pb_text][et_pb_text _builder_version=&#8220;4.20.4&#8243; header_text_color=&#8220;#000000&#8243; min_height=&#8220;81px&#8220; custom_padding=&#8220;||0px|||&#8220; global_colors_info=&#8220;{}&#8220;]<\/p>\n<p>\u010cechova 587\/29<\/p>\n<p>170 00 Praha 7-Bubene\u010d<\/p>\n<p>Opening hours<br \/>Mo-Fri 8 AM to 6 PM\u00a0<\/p>\n<p>[\/et_pb_text][et_pb_text _builder_version=&#8220;4.16&#8243; global_colors_info=&#8220;{}&#8220;][\/et_pb_text][\/et_pb_column][et_pb_column type=&#8220;1_3&#8243; _builder_version=&#8220;4.16&#8243; background_enable_color=&#8220;off&#8220; custom_padding=&#8220;|||&#8220; global_colors_info=&#8220;{}&#8220; custom_padding__hover=&#8220;|||&#8220;][et_pb_text _builder_version=&#8220;4.16&#8243; header_2_font=&#8220;|700|||||||&#8220; header_2_font_size=&#8220;28px&#8220; global_colors_info=&#8220;{}&#8220;]<\/p>\n<h2>Corporate information<\/h2>\n<p>[\/et_pb_text][et_pb_text _builder_version=&#8220;4.16&#8243; header_text_color=&#8220;#000000&#8243; global_colors_info=&#8220;{}&#8220;]Opalinka mate\u0159sk\u00e1 \u0161kola a jesle s.r.o.<\/p>\n<p>Registration number:&nbsp;03708411<\/p>\n<p>File number: C 236535 (Municipal Court in Prague)[\/et_pb_text][et_pb_text _builder_version=&#8220;4.16&#8243; header_2_font=&#8220;|700|||||||&#8220; header_2_font_size=&#8220;28px&#8220; global_colors_info=&#8220;{}&#8220;]<\/p>\n<h2>Application&nbsp;<\/h2>\n<p>[\/et_pb_text][et_pb_text _builder_version=&#8220;4.16&#8243; header_text_color=&#8220;#000000&#8243; global_colors_info=&#8220;{}&#8220;]Do you want your children to attend English-Czech kindergarten with native speakers? Sign up to Opalinka!<\/p>\n<p>The application form can be found <a href=\"\/flora\/en\/price-list-and-application-form-english-program\/\"><span style=\"text-decoration: underline\"><strong>HERE<\/strong><\/span><\/a>.[\/et_pb_text][\/et_pb_column][\/et_pb_row][et_pb_row column_structure=&#8220;1_3,2_3&#8243; _builder_version=&#8220;4.16&#8243; background_color=&#8220;rgba(255,255,255,0.56)&#8220; custom_margin=&#8220;||||false|false&#8220; custom_padding=&#8220;|20px||20px|false|false&#8220; global_colors_info=&#8220;{}&#8220;][et_pb_column type=&#8220;1_3&#8243; _builder_version=&#8220;4.16&#8243; global_colors_info=&#8220;{}&#8220;][et_pb_image src=&#8220;https:\/\/www.opalinka.cz\/flora\/wp-content\/uploads\/sites\/2\/2020\/02\/EU_Dotace_loga_web-1.png&#8220; _builder_version=&#8220;4.16&#8243; global_colors_info=&#8220;{}&#8220;][\/et_pb_image][\/et_pb_column][et_pb_column type=&#8220;2_3&#8243; _builder_version=&#8220;4.16&#8243; global_colors_info=&#8220;{}&#8220;][et_pb_text _builder_version=&#8220;4.16&#8243; global_colors_info=&#8220;{}&#8220;]We would like to inform you that we succeeded in applying for a grant from the European Union funds within the Operational Program Research, Development and Education (Templates III. For OPALINKA kindergarten and nursery sro, reg. Number <span>CZ.02.3.X\/0.0\/0.0\/20_081\/0022651 <\/span>).&nbsp;<span style=\"font-size: 16px\">Our goal is to increase the quality of education and training, including strengthening their relevance for the labor market. Staff support, joint education and development of children and pupils in cooperation with parents \/ public. Facilitating the transition of children to kindergarten and subsequently to primary school.<\/span>[\/et_pb_text][\/et_pb_column][\/et_pb_row][et_pb_row _builder_version=&#8220;4.16&#8243; global_colors_info=&#8220;{}&#8220;][et_pb_column type=&#8220;4_4&#8243; _builder_version=&#8220;4.16&#8243; global_colors_info=&#8220;{}&#8220;][\/et_pb_column][\/et_pb_row][\/et_pb_section]<\/p>\n","protected":false},"excerpt":{"rendered":"<p>Testimonials There is a golden rule in Opalinka: the first child is always followed by other siblings to our kindergarten. Children appreciate our kind approach and playful program, and parents are excited about the advances children make almost every day.What parents say about Opalinka?&nbsp;Thais Castanheira de Casto and her son Leo (English)&#8220;Leonardo is Brazilian and [&hellip;]<\/p>\n","protected":false},"author":1,"featured_media":0,"parent":0,"menu_order":0,"comment_status":"closed","ping_status":"closed","template":"","meta":{"_et_pb_use_builder":"on","_et_pb_old_content":"[et_pb_section fb_built=\"1\" fullwidth=\"on\" custom_padding_last_edited=\"on|phone\" next_background_color=\"#ffffff\" admin_label=\"Header\" _builder_version=\"4.3.4\" background_color=\"#fab400\" background_image=\"https:\/\/www.opalinka.cz\/flora\/wp-content\/uploads\/sites\/2\/2020\/02\/day_care_bg_02.png\" parallax=\"on\" custom_margin=\"||\" custom_padding=\"11vw|||||\" custom_padding_tablet=\"\" custom_padding_phone=\"28vw||||false|false\" bottom_divider_style=\"waves\" bottom_divider_height=\"2vw\" bottom_divider_height_last_edited=\"off|desktop\"][et_pb_fullwidth_header text_orientation=\"center\" content_max_width=\"650px\" _builder_version=\"4.3.4\" title_font=\"Varela Round|700|||||||\" title_font_size=\"68px\" title_line_height=\"1.4em\" content_font=\"Open Sans||||||||\" content_font_size=\"18px\" content_line_height=\"1.8em\" background_color=\"rgba(126,190,197,0)\" custom_button_one=\"on\" button_one_text_size=\"16px\" button_one_text_color=\"#ff236c\" button_one_bg_color=\"#ffffff\" button_one_border_width=\"12px\" button_one_border_color=\"rgba(0,0,0,0)\" button_one_border_radius=\"50px\" button_one_letter_spacing=\"4px\" button_one_font=\"Varela Round|700||on|||||\" button_one_use_icon=\"off\" custom_button_two=\"on\" button_two_text_size=\"16px\" button_two_text_color=\"#ff236c\" button_two_bg_color=\"#ffffff\" button_two_border_width=\"12px\" button_two_border_color=\"#ffffff\" button_two_border_radius=\"50px\" button_two_letter_spacing=\"4px\" button_two_font=\"Varela Round|900||on|||||\" button_two_use_icon=\"off\" min_height=\"206px\" custom_margin=\"-105px||-3px|||\" custom_padding=\"0px||0px||true|\" custom_padding_last_edited=\"off|desktop\" animation_style=\"zoom\" animation_intensity_zoom=\"5%\" title_font_size_tablet=\"60px\" title_font_size_phone=\"40px\" title_font_size_last_edited=\"on|phone\" content_font_size_tablet=\"\" content_font_size_phone=\"16px\" content_font_size_last_edited=\"on|phone\" custom_css_header_container=\"width: 100%;\" title_text_shadow_style=\"preset1\" title_text_shadow_blur_strength=\"0.14em\" title_text_shadow_color=\"rgba(0,0,0,0.12)\" box_shadow_style_button_one=\"preset3\" box_shadow_blur_button_one=\"48px\" button_one_letter_spacing_hover=\"4px\" button_two_letter_spacing_hover=\"4px\" button_one_text_size__hover_enabled=\"off\" button_two_text_size__hover_enabled=\"off\" button_one_text_color__hover_enabled=\"off\" button_two_text_color__hover_enabled=\"off\" button_one_border_width__hover_enabled=\"off\" button_two_border_width__hover_enabled=\"off\" button_one_border_color__hover_enabled=\"off\" button_two_border_color__hover_enabled=\"off\" button_one_border_radius__hover_enabled=\"off\" button_two_border_radius__hover_enabled=\"off\" button_one_letter_spacing__hover_enabled=\"on\" button_one_letter_spacing__hover=\"4px\" button_two_letter_spacing__hover_enabled=\"on\" button_two_letter_spacing__hover=\"4px\" button_one_bg_color__hover_enabled=\"off\" button_two_bg_color__hover_enabled=\"off\" background_color__hover=\"#7EBEC5\" background_color__hover_enabled=\"#7EBEC5\" use_background_color_gradient__hover=\"off\" use_background_color_gradient__hover_enabled=\"off\" background_color_gradient_start__hover=\"#2b87da\" background_color_gradient_start__hover_enabled=\"#2b87da\" background_color_gradient_end__hover=\"#29c4a9\" background_color_gradient_end__hover_enabled=\"#29c4a9\" background_color_gradient_type__hover=\"linear\" background_color_gradient_type__hover_enabled=\"linear\" background_color_gradient_direction__hover=\"180deg\" background_color_gradient_direction__hover_enabled=\"180deg\" background_color_gradient_direction_radial__hover=\"center\" background_color_gradient_direction_radial__hover_enabled=\"center\" background_color_gradient_start_position__hover=\"0%\" background_color_gradient_start_position__hover_enabled=\"0%\" background_color_gradient_end_position__hover=\"100%\" background_color_gradient_end_position__hover_enabled=\"100%\" background_color_gradient_overlays_image__hover=\"off\" background_color_gradient_overlays_image__hover_enabled=\"off\" parallax__hover=\"off\" parallax__hover_enabled=\"off\" parallax_method__hover=\"off\" parallax_method__hover_enabled=\"off\" background_size__hover=\"cover\" background_size__hover_enabled=\"cover\" background_position__hover=\"center\" background_position__hover_enabled=\"center\" background_repeat__hover=\"no-repeat\" background_repeat__hover_enabled=\"no-repeat\" background_blend__hover=\"normal\" background_blend__hover_enabled=\"normal\" allow_player_pause__hover=\"off\" allow_player_pause__hover_enabled=\"off\" background_video_pause_outside_viewport__hover=\"on\" background_video_pause_outside_viewport__hover_enabled=\"on\"]\n<h1>Testimonials<\/h1>\nThere is a golden rule in Opalinka: the first child is always followed by other siblings to our kindergarten. Children appreciate our kind approach and playful program, and parents are excited about the advances children make almost every day.\n\n[\/et_pb_fullwidth_header][et_pb_fullwidth_image src=\"https:\/\/www.opalinka.cz\/flora\/wp-content\/uploads\/sites\/2\/2020\/02\/Opalinka-dome\u010dek.png\" _builder_version=\"4.3.4\" custom_margin=\"-15vw|||||\" custom_padding=\"44px|||||\" filter_brightness=\"110%\" animation_style=\"slide\" animation_direction=\"bottom\" animation_intensity_slide=\"1%\"]\n[\/et_pb_fullwidth_image][\/et_pb_section][et_pb_section fb_built=\"1\" admin_label=\"Staff\" _builder_version=\"4.2.2\" background_image=\"https:\/\/www.opalinka.cz\/flora\/wp-content\/uploads\/sites\/2\/2020\/02\/shapes-bg-color-1.png\" background_position=\"top_center\" custom_padding=\"|||\"][et_pb_row admin_label=\"Title Row\" _builder_version=\"4.3.4\" custom_margin_tablet=\"\" custom_margin_phone=\"-45px||-29px||false|false\" custom_margin_last_edited=\"on|phone\"][et_pb_column type=\"4_4\" _builder_version=\"3.25\" custom_padding=\"|||\" custom_padding__hover=\"|||\"][et_pb_text _builder_version=\"4.3.4\" text_font=\"||||||||\" header_font=\"||||||||\" header_2_font=\"Varela Round|700|||||||\" header_2_text_align=\"left\" header_2_font_size=\"50px\" header_2_line_height=\"1.2em\" max_width=\"1171px\" module_alignment=\"left\" header_2_font_size_tablet=\"50px\" header_2_font_size_phone=\"30px\" header_2_font_size_last_edited=\"on|phone\" locked=\"off\"]\n<h2 style=\"text-align: center\">What parents say about Opalinka?&nbsp;<\/h2>\n[\/et_pb_text][\/et_pb_column][\/et_pb_row][et_pb_row column_structure=\"1_2,1_2\" make_equal=\"on\" _builder_version=\"4.2.2\"][et_pb_column type=\"1_2\" _builder_version=\"4.2.2\"][et_pb_text _builder_version=\"4.3.4\" text_font=\"Varela Round|700|||||||\" text_font_size=\"20px\"]\n<p style=\"text-align: center\">Thais Castanheira de Casto and her son Leo (English)<\/p>\n[\/et_pb_text][et_pb_text _builder_version=\"4.3.4\" text_font=\"Varela Round||||||||\" text_font_size=\"18px\" background_color=\"#ffffff\" custom_margin=\"0px||||false|false\" custom_margin_tablet=\"\" custom_margin_phone=\"0px||-71px||false|false\" custom_margin_last_edited=\"on|phone\" custom_padding=\"10px|15px|10px|15px|false|false\"]\n\n\"Leonardo is Brazilian and speaks Portuguese, so we wanted him to go to a bilingual school where he could learn English and Czech. We also wanted a place he could stay until going to primary school and it was a surprise discovering Central Preschool. You would think a 3yo boy wouldn\u2019t want to go to school and stay home with mommy, but he absolutely loves it!It\u2019s incredible to see how much he has learnt since he started there, 10 months ago. His vocabulary in English is superb, he can already understand Czech and speak very well. Not to mention all the great experiences \u2013 artistic, sportistic, turistic \u2013 he\u2019s enjoying. We are all so happy with the school and the teachers and the whole program.\"\n\n[\/et_pb_text][\/et_pb_column][et_pb_column type=\"1_2\" _builder_version=\"4.2.2\" custom_padding=\"42px||||false|false\"][et_pb_text _builder_version=\"4.7.7\" text_font=\"Varela Round||||||||\" text_font_size=\"18px\" background_color=\"#ffffff\" custom_margin=\"0px||||false|false\" custom_margin_tablet=\"\" custom_margin_phone=\"0px||-71px||false|false\" custom_margin_last_edited=\"on|phone\" custom_padding=\"10px|15px|10px|15px|false|false\" hover_enabled=\"0\" sticky_enabled=\"0\"]\n\n<img src=\"https:\/\/www.opalinka.cz\/flora\/wp-content\/uploads\/sites\/2\/2021\/07\/IMG-20210723-WA0007-225x300.jpg\" width=\"225\" height=\"300\" alt=\"\" class=\"wp-image-3370 alignnone size-medium\">\n\n[\/et_pb_text][\/et_pb_column][\/et_pb_row][\/et_pb_section][et_pb_section fb_built=\"1\" admin_label=\"Call to Action\" _builder_version=\"4.3.4\" use_background_color_gradient=\"on\" background_color_gradient_start=\"#ffbf86\" background_color_gradient_end=\"#ff5675\" background_color_gradient_direction=\"75deg\" background_image=\"https:\/\/www.opalinka.cz\/flora\/wp-content\/uploads\/sites\/2\/2020\/02\/day_care_bg_02.png\" background_size=\"initial\" max_width=\"75%\" max_width_tablet=\"\" max_width_phone=\"95%\" max_width_last_edited=\"on|phone\" module_alignment=\"center\" custom_margin=\"||||false|false\" custom_margin_tablet=\"40px||||false\" custom_margin_phone=\"\" custom_margin_last_edited=\"on|phone\" custom_padding=\"2vw||2vw||true|false\" border_radii=\"on|38px|38px|38px|38px\" box_shadow_style=\"preset3\" box_shadow_vertical=\"82px\" box_shadow_blur=\"94px\" box_shadow_spread=\"-60px\" box_shadow_color=\"rgba(0,0,0,0.22)\"][et_pb_row column_structure=\"1_2,1_2\" _builder_version=\"4.2.2\"][et_pb_column type=\"1_2\" _builder_version=\"4.2.2\"][et_pb_text _builder_version=\"4.3.4\" text_font=\"Varela Round|700|||||||\" text_text_color=\"#ffffff\" text_font_size=\"18px\" header_4_font=\"Varela Round|700|||||||\" header_4_text_color=\"#ffffff\" header_4_font_size=\"20px\" background_color=\"rgba(0,0,0,0)\" custom_margin=\"0px||||false|false\" custom_padding=\"0px|15px|11px|15px|false|false\"]\n\n<strong>Lenka C. and daughter of Sofie<\/strong>\n\n\"We discovered Opalinka by chance, when we were looking for a good kindergarten for our, at that time not even three-year-old daughter Sofie, which would combine teaching in both Czech and English. Opalinka clearly fulfilled all our requirements for beautiful and modern furnished kindergarten and we were pleasantly surprised by the varied program, and always pleasant and smiling teachers who are really devoted to the children.\n\nThe morning program is entirely in English with native speakers and in the afternoon it is mixed also with Czech. As a result, our daughter plays and talks in English with her toys at home, or even sits at her desk for several hours, cutting, gluing, drawing, or painting, humming a song or showing us all the elements of yoga, she learned in kindergarten. In a single word: amazing!\"\n\n[\/et_pb_text][\/et_pb_column][et_pb_column type=\"1_2\" _builder_version=\"4.2.2\" background_color=\"rgba(0,0,0,0)\" custom_padding=\"||||false|false\"][et_pb_image src=\"https:\/\/www.opalinka.cz\/flora\/wp-content\/uploads\/sites\/2\/2020\/02\/Lenka-C.-285x300-1.jpg\" align=\"center\" _builder_version=\"4.2.2\"][\/et_pb_image][\/et_pb_column][\/et_pb_row][\/et_pb_section][et_pb_section fb_built=\"1\" admin_label=\"Staff\" _builder_version=\"4.3.4\" background_image=\"https:\/\/www.opalinka.cz\/flora\/wp-content\/uploads\/sites\/2\/2020\/02\/shapes-bg-color-1.png\" background_position=\"top_center\" custom_margin_tablet=\"\" custom_margin_phone=\"||-68px||false|false\" custom_margin_last_edited=\"on|phone\" custom_padding=\"|||\"][et_pb_row column_structure=\"1_2,1_2\" _builder_version=\"4.2.2\"][et_pb_column type=\"1_2\" _builder_version=\"4.2.2\"][et_pb_text _builder_version=\"4.3.4\" text_font=\"Varela Round|700|||||||\" text_font_size=\"20px\"]\n<p style=\"text-align: center\">Petra Barto\u0148ov\u00e1 and her son \u0160t\u011bp\u00e1n (Czech)<\/p>\n[\/et_pb_text][et_pb_video src=\"https:\/\/www.youtube.com\/watch?v=jK_xAttahCE\" _builder_version=\"4.3.4\"][\/et_pb_video][\/et_pb_column][et_pb_column type=\"1_2\" _builder_version=\"4.2.2\"][et_pb_text _builder_version=\"4.3.4\" text_font=\"Varela Round|700|||||||\" text_font_size=\"20px\"]\n<p style=\"text-align: center\">Kl\u00e1ra Ma\u0161\u00ednov\u00e1 and her son Tade\u00e1\u0161 (Czech)<\/p>\n[\/et_pb_text][et_pb_video src=\"https:\/\/www.youtube.com\/watch?v=T0_qV-Q8nZM\" _builder_version=\"4.3.4\"][\/et_pb_video][\/et_pb_column][\/et_pb_row][\/et_pb_section][et_pb_section fb_built=\"1\" admin_label=\"Call to Action\" _builder_version=\"4.3.4\" use_background_color_gradient=\"on\" background_color_gradient_start=\"#ffbf86\" background_color_gradient_end=\"#ff5675\" background_color_gradient_direction=\"75deg\" background_image=\"https:\/\/www.opalinka.cz\/flora\/wp-content\/uploads\/sites\/2\/2020\/02\/day_care_bg_02.png\" background_size=\"initial\" max_width=\"75%\" max_width_tablet=\"\" max_width_phone=\"95%\" max_width_last_edited=\"on|phone\" module_alignment=\"center\" custom_margin=\"||55px||false|false\" custom_margin_tablet=\"40px||||false\" custom_margin_phone=\"\" custom_margin_last_edited=\"on|phone\" custom_padding=\"2vw||2vw||true|false\" border_radii=\"on|38px|38px|38px|38px\" box_shadow_style=\"preset3\" box_shadow_vertical=\"82px\" box_shadow_blur=\"94px\" box_shadow_spread=\"-60px\" box_shadow_color=\"rgba(0,0,0,0.22)\"][et_pb_row column_structure=\"1_2,1_2\" _builder_version=\"4.2.2\"][et_pb_column type=\"1_2\" _builder_version=\"4.2.2\"][et_pb_image src=\"https:\/\/www.opalinka.cz\/flora\/wp-content\/uploads\/sites\/2\/2020\/02\/Venku-jsme-str-vili-spoustu-asu.-300x168-1.jpg\" align=\"center\" _builder_version=\"4.2.2\"][\/et_pb_image][\/et_pb_column][et_pb_column type=\"1_2\" _builder_version=\"4.2.2\" background_color=\"rgba(0,0,0,0)\" custom_padding=\"||||false|false\"][et_pb_text _builder_version=\"4.3.4\" text_font=\"Varela Round|700|||||||\" text_text_color=\"#ffffff\" text_font_size=\"18px\" header_4_font=\"Varela Round|700|||||||\" header_4_text_color=\"#ffffff\" header_4_font_size=\"20px\" background_color=\"rgba(0,0,0,0)\" custom_margin=\"0px||||false|false\" custom_padding=\"0px|15px||15px|false|false\"]\n<h4><span class=\"\">Miroslava Paidarov\u00e1\nand her daughters Laura and Anna<\/span><\/h4>\n\"Great, great and great once again. The children liked Opalinka very much and they said: <em>Mom, we don't want to go to another kindergarten anymore.<\/em> Maybe it doesn't need another comment. I can only highly recommend.\"\n\n[\/et_pb_text][\/et_pb_column][\/et_pb_row][\/et_pb_section][et_pb_section fb_built=\"1\" admin_label=\"Contact Info\" module_id=\"kontakt\" _builder_version=\"4.2.2\" background_color=\"#fab400\" background_image=\"https:\/\/www.opalinka.cz\/flora\/wp-content\/uploads\/sites\/2\/2020\/02\/day_care_bg_02.png\" background_position=\"top_center\" module_alignment=\"right\" min_height=\"444px\" custom_margin=\"-4px|||||\" custom_padding=\"8vw||0px||false|false\" top_divider_style=\"waves\" top_divider_color=\"#ffffff\" top_divider_height=\"6vw\" top_divider_repeat=\"0.75x\" top_divider_flip=\"vertical\" border_radii=\"||||\" box_shadow_style=\"preset6\" box_shadow_vertical=\"100px\" box_shadow_blur=\"140px\" box_shadow_spread=\"-40px\" box_shadow_color=\"rgba(0,0,0,0.07)\" global_module=\"1483\" saved_tabs=\"all\"][et_pb_row column_structure=\"1_3,1_3,1_3\" make_equal=\"on\" _builder_version=\"4.2.2\" custom_margin=\"|auto|39px|auto||\"][et_pb_column type=\"1_3\" _builder_version=\"3.25\" custom_padding=\"|||\" custom_padding__hover=\"|||\"][et_pb_text _builder_version=\"4.3.4\" header_2_font=\"|700|||||||\" header_2_font_size=\"28px\"]\n<h2>Contact<\/h2>\n[\/et_pb_text][et_pb_text _builder_version=\"4.3.4\"]\n\nOpalinka Flora\n+420 722 406 020\n\nHead of Opalinka Flora\nms.reditelka@opalinka.cz\n\n&nbsp;\n\nCEO\nOpalinka mate\u0159sk\u00e1 \u0161kola a jesle s.r.o.\n+420 773 529 411\n\n<span style=\"text-decoration: underline\"><a href=\"mailto:flora@opalinka.cz\">flora@opalinka.cz<\/a>&nbsp;<\/span>\n<span style=\"text-decoration: underline\"> <a href=\"https:\/\/www.facebook.com\/opalinka&nbsp;\" target=\"_blank\" rel=\"noopener noreferrer\">facebook.com\/opalinka<\/a><\/span>\n\n&nbsp;\n\n[\/et_pb_text][et_pb_text _builder_version=\"4.3.4\" header_2_font=\"|700|||||||\" header_2_font_size=\"28px\"]\n<h2>Other branches<\/h2>\n[\/et_pb_text][et_pb_text _builder_version=\"4.4.4\" custom_margin_tablet=\"\" custom_margin_phone=\"||31px||false|false\" custom_margin_last_edited=\"on|phone\"]\n\nAll branches navigation\n<a href=\"http:\/\/www.opalinka.cz\" target=\"_blank\" rel=\"noopener noreferrer\"><span style=\"text-decoration: underline\">www.opalinka.cz&nbsp;<\/span><\/a>\n\nBranch \u0158\u00ed\u010dany\n<span style=\"text-decoration: underline\"><a href=\"http:\/\/www.opalinka.cz\/ricany\" target=\"_blank\" rel=\"noopener noreferrer\">www.opalinka.cz\/ricany<\/a><\/span>\n\n[\/et_pb_text][\/et_pb_column][et_pb_column type=\"1_3\" _builder_version=\"4.2.2\" background_enable_color=\"off\" custom_padding=\"|||\" custom_padding__hover=\"|||\"][et_pb_text _builder_version=\"4.3.4\" header_2_font=\"|700|||||||\" header_2_font_size=\"28px\"]\n<h2>Address<\/h2>\n[\/et_pb_text][et_pb_text _builder_version=\"4.3.4\" header_text_color=\"#000000\" min_height=\"81px\" custom_padding=\"||0px|||\"]\n\nSlezsk\u00e1 117\n\n130 00 Praha 3-Vinohrady\n\nOpening hours\nMo-Fri 8 AM to 6 PM (English program)\nMo-Fri 8 AM to 5 PM (Czech program)\n\n[\/et_pb_text][et_pb_text _builder_version=\"4.2.2\"][\/et_pb_text][\/et_pb_column][et_pb_column type=\"1_3\" _builder_version=\"4.2.2\" background_enable_color=\"off\" custom_padding=\"|||\" custom_padding__hover=\"|||\"][et_pb_text _builder_version=\"4.3.4\" header_2_font=\"|700|||||||\" header_2_font_size=\"28px\"]\n<h2>Corporate information<\/h2>\n[\/et_pb_text][et_pb_text _builder_version=\"4.3.4\" header_text_color=\"#000000\"]\n\nOpalinka mate\u0159sk\u00e1 \u0161kola a jesle s.r.o.\n\nRegistration number:&nbsp;03708411\n\nFile number: C 236535 (Municipal Court in Prague)\n\n[\/et_pb_text][et_pb_text _builder_version=\"4.3.4\" header_2_font=\"|700|||||||\" header_2_font_size=\"28px\"]\n<h2>Application&nbsp;<\/h2>\n[\/et_pb_text][et_pb_text _builder_version=\"4.3.4\" header_text_color=\"#000000\"]\n\nDo you want your children to attend English-Czech kindergarten with native speakers? Sign up to Opalinka!\n\nThe application form can be found <a href=\"\/flora\/en\/price-list-and-application-form-english-program\/\"><span style=\"text-decoration: underline\"><strong>HERE<\/strong><\/span><\/a>.\n\n[\/et_pb_text][\/et_pb_column][\/et_pb_row][et_pb_row column_structure=\"1_3,2_3\" _builder_version=\"4.2.2\" background_color=\"rgba(255,255,255,0.56)\" custom_margin=\"||||false|false\" custom_padding=\"|20px||20px|false|false\"][et_pb_column type=\"1_3\" _builder_version=\"4.2.2\"][et_pb_image src=\"https:\/\/www.opalinka.cz\/flora\/wp-content\/uploads\/sites\/2\/2020\/02\/EU_Dotace_loga_web-1.png\" _builder_version=\"4.2.2\"][\/et_pb_image][\/et_pb_column][et_pb_column type=\"2_3\" _builder_version=\"4.2.2\"][et_pb_text _builder_version=\"4.4.4\"]\n\nWe would like to inform you that we succeeded in applying for a grant from the European Union funds within the Operational Program Research, Development and Education (Templates II. For OPALINKA kindergarten and nursery sro, reg. Number CZ.02.3.X \/0.0\/0.0\/18_064\/0013161). Our goal is personal development of teachers, joint education of children and pupils, facilitating the transition of children from kindergarten to elementary school and support extracuricular activities incl. cooperation with parents of children and pupils.\n\nWe would like to inform you that we have succeeded in applying for a subsidy from the European Union funds within the Operational Program Prague - Growth Pole of the Czech Republic 07.4.68 (0.0 \/ 0.0 \/ 18_066 \/ 0001353). Our aim is to improve the quality of education by promoting a favorable environment for the inclusion of children with other than Czech mother tongue.\n\nWe would like to inform you that we have succeeded in applying for a subsidy from the European Union funds, within the Operational Program Prague - Growth Pole of&nbsp; the Czech Republic (Multicultural Education in OPALINKA kindergarten and nursery sro, reg. Number CZ.07.4.68 \/ 0.0 \/ 0.0 \/ 17_045 \/ 0000661). The project is focused on the personnel support of the OPALINKA kindergarten consisting in the introduction of a bilingual assistant for children with different mother tongue, education and personal development of the teacher kindergarten staff focused on intercultural community activities and support for an inclusive school environment. The aim of the project is to develop in areas that the school will identify as a priority for its development and future direction in creating a pro-inclusive school environment and for the inclusion of children and pupils with different mother tongues.\n\n&nbsp;\n\n&nbsp;\n\n[\/et_pb_text][\/et_pb_column][\/et_pb_row][et_pb_row _builder_version=\"4.2.2\"][et_pb_column type=\"4_4\" _builder_version=\"4.2.2\"][\/et_pb_column][\/et_pb_row][\/et_pb_section]","_et_gb_content_width":"","footnotes":""},"class_list":["post-10","page","type-page","status-publish","hentry"],"yoast_head":"<!-- This site is optimized with the Yoast SEO plugin v26.6 - https:\/\/yoast.com\/wordpress\/plugins\/seo\/ -->\n<title>Reviews - Opalinka Bubene\u010d<\/title>\n<meta name=\"robots\" content=\"index, follow, max-snippet:-1, max-image-preview:large, max-video-preview:-1\" \/>\n<link rel=\"canonical\" href=\"https:\/\/www.opalinka.cz\/bubenec\/en\/reviews\/\" \/>\n<meta property=\"og:locale\" content=\"cs_CZ\" \/>\n<meta property=\"og:type\" content=\"article\" \/>\n<meta property=\"og:title\" content=\"Reviews - Opalinka Bubene\u010d\" \/>\n<meta property=\"og:description\" content=\"Testimonials There is a golden rule in Opalinka: the first child is always followed by other siblings to our kindergarten. Children appreciate our kind approach and playful program, and parents are excited about the advances children make almost every day.What parents say about Opalinka?&nbsp;Thais Castanheira de Casto and her son Leo (English)&quot;Leonardo is Brazilian and [&hellip;]\" \/>\n<meta property=\"og:url\" content=\"https:\/\/www.opalinka.cz\/bubenec\/en\/reviews\/\" \/>\n<meta property=\"og:site_name\" content=\"Opalinka Bubene\u010d\" \/>\n<meta property=\"article:modified_time\" content=\"2023-05-23T07:27:05+00:00\" \/>\n<meta property=\"og:image\" content=\"https:\/\/www.opalinka.cz\/flora\/wp-content\/uploads\/sites\/2\/2021\/07\/IMG-20210723-WA0007-225x300.jpg\" \/>\n<meta name=\"twitter:card\" content=\"summary_large_image\" \/>\n<meta name=\"twitter:label1\" content=\"Odhadovan\u00e1 doba \u010dten\u00ed\" \/>\n\t<meta name=\"twitter:data1\" content=\"7 minut\" \/>\n<script type=\"application\/ld+json\" class=\"yoast-schema-graph\">{\"@context\":\"https:\/\/schema.org\",\"@graph\":[{\"@type\":\"WebPage\",\"@id\":\"https:\/\/www.opalinka.cz\/bubenec\/en\/reviews\/\",\"url\":\"https:\/\/www.opalinka.cz\/bubenec\/en\/reviews\/\",\"name\":\"Reviews - Opalinka Bubene\u010d\",\"isPartOf\":{\"@id\":\"https:\/\/www.opalinka.cz\/bubenec\/#website\"},\"primaryImageOfPage\":{\"@id\":\"https:\/\/www.opalinka.cz\/bubenec\/en\/reviews\/#primaryimage\"},\"image\":{\"@id\":\"https:\/\/www.opalinka.cz\/bubenec\/en\/reviews\/#primaryimage\"},\"thumbnailUrl\":\"https:\/\/www.opalinka.cz\/flora\/wp-content\/uploads\/sites\/2\/2021\/07\/IMG-20210723-WA0007-225x300.jpg\",\"datePublished\":\"2020-03-04T10:22:05+00:00\",\"dateModified\":\"2023-05-23T07:27:05+00:00\",\"breadcrumb\":{\"@id\":\"https:\/\/www.opalinka.cz\/bubenec\/en\/reviews\/#breadcrumb\"},\"inLanguage\":\"cs\",\"potentialAction\":[{\"@type\":\"ReadAction\",\"target\":[\"https:\/\/www.opalinka.cz\/bubenec\/en\/reviews\/\"]}]},{\"@type\":\"ImageObject\",\"inLanguage\":\"cs\",\"@id\":\"https:\/\/www.opalinka.cz\/bubenec\/en\/reviews\/#primaryimage\",\"url\":\"https:\/\/www.opalinka.cz\/flora\/wp-content\/uploads\/sites\/2\/2021\/07\/IMG-20210723-WA0007-225x300.jpg\",\"contentUrl\":\"https:\/\/www.opalinka.cz\/flora\/wp-content\/uploads\/sites\/2\/2021\/07\/IMG-20210723-WA0007-225x300.jpg\"},{\"@type\":\"BreadcrumbList\",\"@id\":\"https:\/\/www.opalinka.cz\/bubenec\/en\/reviews\/#breadcrumb\",\"itemListElement\":[{\"@type\":\"ListItem\",\"position\":1,\"name\":\"Dom\u016f\",\"item\":\"https:\/\/www.opalinka.cz\/bubenec\/\"},{\"@type\":\"ListItem\",\"position\":2,\"name\":\"Reviews\"}]},{\"@type\":\"WebSite\",\"@id\":\"https:\/\/www.opalinka.cz\/bubenec\/#website\",\"url\":\"https:\/\/www.opalinka.cz\/bubenec\/\",\"name\":\"Opalinka Bubene\u010d\",\"description\":\"\",\"potentialAction\":[{\"@type\":\"SearchAction\",\"target\":{\"@type\":\"EntryPoint\",\"urlTemplate\":\"https:\/\/www.opalinka.cz\/bubenec\/?s={search_term_string}\"},\"query-input\":{\"@type\":\"PropertyValueSpecification\",\"valueRequired\":true,\"valueName\":\"search_term_string\"}}],\"inLanguage\":\"cs\"}]}<\/script>\n<!-- \/ Yoast SEO plugin. -->","yoast_head_json":{"title":"Reviews - Opalinka Bubene\u010d","robots":{"index":"index","follow":"follow","max-snippet":"max-snippet:-1","max-image-preview":"max-image-preview:large","max-video-preview":"max-video-preview:-1"},"canonical":"https:\/\/www.opalinka.cz\/bubenec\/en\/reviews\/","og_locale":"cs_CZ","og_type":"article","og_title":"Reviews - Opalinka Bubene\u010d","og_description":"Testimonials There is a golden rule in Opalinka: the first child is always followed by other siblings to our kindergarten. Children appreciate our kind approach and playful program, and parents are excited about the advances children make almost every day.What parents say about Opalinka?&nbsp;Thais Castanheira de Casto and her son Leo (English)\"Leonardo is Brazilian and [&hellip;]","og_url":"https:\/\/www.opalinka.cz\/bubenec\/en\/reviews\/","og_site_name":"Opalinka Bubene\u010d","article_modified_time":"2023-05-23T07:27:05+00:00","og_image":[{"url":"https:\/\/www.opalinka.cz\/flora\/wp-content\/uploads\/sites\/2\/2021\/07\/IMG-20210723-WA0007-225x300.jpg","type":"","width":"","height":""}],"twitter_card":"summary_large_image","twitter_misc":{"Odhadovan\u00e1 doba \u010dten\u00ed":"7 minut"},"schema":{"@context":"https:\/\/schema.org","@graph":[{"@type":"WebPage","@id":"https:\/\/www.opalinka.cz\/bubenec\/en\/reviews\/","url":"https:\/\/www.opalinka.cz\/bubenec\/en\/reviews\/","name":"Reviews - Opalinka Bubene\u010d","isPartOf":{"@id":"https:\/\/www.opalinka.cz\/bubenec\/#website"},"primaryImageOfPage":{"@id":"https:\/\/www.opalinka.cz\/bubenec\/en\/reviews\/#primaryimage"},"image":{"@id":"https:\/\/www.opalinka.cz\/bubenec\/en\/reviews\/#primaryimage"},"thumbnailUrl":"https:\/\/www.opalinka.cz\/flora\/wp-content\/uploads\/sites\/2\/2021\/07\/IMG-20210723-WA0007-225x300.jpg","datePublished":"2020-03-04T10:22:05+00:00","dateModified":"2023-05-23T07:27:05+00:00","breadcrumb":{"@id":"https:\/\/www.opalinka.cz\/bubenec\/en\/reviews\/#breadcrumb"},"inLanguage":"cs","potentialAction":[{"@type":"ReadAction","target":["https:\/\/www.opalinka.cz\/bubenec\/en\/reviews\/"]}]},{"@type":"ImageObject","inLanguage":"cs","@id":"https:\/\/www.opalinka.cz\/bubenec\/en\/reviews\/#primaryimage","url":"https:\/\/www.opalinka.cz\/flora\/wp-content\/uploads\/sites\/2\/2021\/07\/IMG-20210723-WA0007-225x300.jpg","contentUrl":"https:\/\/www.opalinka.cz\/flora\/wp-content\/uploads\/sites\/2\/2021\/07\/IMG-20210723-WA0007-225x300.jpg"},{"@type":"BreadcrumbList","@id":"https:\/\/www.opalinka.cz\/bubenec\/en\/reviews\/#breadcrumb","itemListElement":[{"@type":"ListItem","position":1,"name":"Dom\u016f","item":"https:\/\/www.opalinka.cz\/bubenec\/"},{"@type":"ListItem","position":2,"name":"Reviews"}]},{"@type":"WebSite","@id":"https:\/\/www.opalinka.cz\/bubenec\/#website","url":"https:\/\/www.opalinka.cz\/bubenec\/","name":"Opalinka Bubene\u010d","description":"","potentialAction":[{"@type":"SearchAction","target":{"@type":"EntryPoint","urlTemplate":"https:\/\/www.opalinka.cz\/bubenec\/?s={search_term_string}"},"query-input":{"@type":"PropertyValueSpecification","valueRequired":true,"valueName":"search_term_string"}}],"inLanguage":"cs"}]}},"_links":{"self":[{"href":"https:\/\/www.opalinka.cz\/bubenec\/wp-json\/wp\/v2\/pages\/10","targetHints":{"allow":["GET"]}}],"collection":[{"href":"https:\/\/www.opalinka.cz\/bubenec\/wp-json\/wp\/v2\/pages"}],"about":[{"href":"https:\/\/www.opalinka.cz\/bubenec\/wp-json\/wp\/v2\/types\/page"}],"author":[{"embeddable":true,"href":"https:\/\/www.opalinka.cz\/bubenec\/wp-json\/wp\/v2\/users\/1"}],"replies":[{"embeddable":true,"href":"https:\/\/www.opalinka.cz\/bubenec\/wp-json\/wp\/v2\/comments?post=10"}],"version-history":[{"count":3,"href":"https:\/\/www.opalinka.cz\/bubenec\/wp-json\/wp\/v2\/pages\/10\/revisions"}],"predecessor-version":[{"id":342,"href":"https:\/\/www.opalinka.cz\/bubenec\/wp-json\/wp\/v2\/pages\/10\/revisions\/342"}],"wp:attachment":[{"href":"https:\/\/www.opalinka.cz\/bubenec\/wp-json\/wp\/v2\/media?parent=10"}],"curies":[{"name":"wp","href":"https:\/\/api.w.org\/{rel}","templated":true}]}}