{"id":25,"date":"2020-02-23T20:04:08","date_gmt":"2020-02-23T19:04:08","guid":{"rendered":"https:\/\/www.opalinka.cz\/bubenec\/tym-pro-anglicky-program\/"},"modified":"2026-04-17T14:25:09","modified_gmt":"2026-04-17T12:25:09","slug":"tym-pro-anglicky-program","status":"publish","type":"page","link":"https:\/\/www.opalinka.cz\/bubenec\/tym-pro-anglicky-program\/","title":{"rendered":"T\u00fdm pro anglick\u00fd program"},"content":{"rendered":"<p>[et_pb_section fb_built=&#8220;1&#8243; fullwidth=&#8220;on&#8220; custom_padding_last_edited=&#8220;on|phone&#8220; next_background_color=&#8220;#ffffff&#8220; admin_label=&#8220;Header&#8220; _builder_version=&#8220;4.16&#8243; background_color=&#8220;#3c6cb3&#8243; background_image=&#8220;https:\/\/www.opalinka.cz\/flora\/wp-content\/uploads\/sites\/2\/2020\/02\/day_care_bg_02.png&#8220; parallax=&#8220;on&#8220; custom_margin=&#8220;||&#8220; custom_padding=&#8220;11vw|||||&#8220; custom_padding_tablet=&#8220;&#8220; custom_padding_phone=&#8220;28vw||||false|false&#8220; bottom_divider_style=&#8220;waves&#8220; bottom_divider_height=&#8220;2vw&#8220; bottom_divider_height_last_edited=&#8220;off|desktop&#8220; global_colors_info=&#8220;{}&#8220;][et_pb_fullwidth_header text_orientation=&#8220;center&#8220; content_max_width=&#8220;850px&#8220; _builder_version=&#8220;4.16&#8243; title_font=&#8220;Varela Round|700|||||||&#8220; title_font_size=&#8220;56px&#8220; title_line_height=&#8220;1.4em&#8220; content_font=&#8220;Open Sans||||||||&#8220; content_font_size=&#8220;18px&#8220; content_line_height=&#8220;1.8em&#8220; background_color=&#8220;rgba(126,190,197,0)&#8220; custom_button_one=&#8220;on&#8220; button_one_text_size=&#8220;16px&#8220; button_one_text_color=&#8220;#ff236c&#8220; button_one_bg_color=&#8220;#ffffff&#8220; button_one_border_width=&#8220;12px&#8220; button_one_border_color=&#8220;rgba(0,0,0,0)&#8220; button_one_border_radius=&#8220;50px&#8220; button_one_letter_spacing=&#8220;4px&#8220; button_one_font=&#8220;Varela Round|700||on|||||&#8220; button_one_use_icon=&#8220;off&#8220; custom_button_two=&#8220;on&#8220; button_two_text_size=&#8220;16px&#8220; button_two_text_color=&#8220;#ff236c&#8220; button_two_bg_color=&#8220;#ffffff&#8220; button_two_border_width=&#8220;12px&#8220; button_two_border_color=&#8220;#ffffff&#8220; button_two_border_radius=&#8220;50px&#8220; button_two_letter_spacing=&#8220;4px&#8220; button_two_font=&#8220;Varela Round|900||on|||||&#8220; button_two_use_icon=&#8220;off&#8220; min_height=&#8220;206px&#8220; custom_margin=&#8220;-105px||-3px|||&#8220; custom_padding=&#8220;0px||0px||true|&#8220; custom_padding_last_edited=&#8220;off|desktop&#8220; animation_style=&#8220;zoom&#8220; animation_intensity_zoom=&#8220;5%&#8220; title_font_size_tablet=&#8220;60px&#8220; title_font_size_phone=&#8220;40px&#8220; title_font_size_last_edited=&#8220;on|phone&#8220; content_font_size_tablet=&#8220;&#8220; content_font_size_phone=&#8220;16px&#8220; content_font_size_last_edited=&#8220;on|phone&#8220; custom_css_header_container=&#8220;width: 100%;&#8220; title_text_shadow_style=&#8220;preset1&#8243; title_text_shadow_blur_strength=&#8220;0.14em&#8220; title_text_shadow_color=&#8220;rgba(0,0,0,0.12)&#8220; box_shadow_style_button_one=&#8220;preset3&#8243; box_shadow_blur_button_one=&#8220;48px&#8220; button_one_letter_spacing_hover=&#8220;4px&#8220; button_two_letter_spacing_hover=&#8220;4px&#8220; global_colors_info=&#8220;{}&#8220; button_one_text_size__hover_enabled=&#8220;off&#8220; button_two_text_size__hover_enabled=&#8220;off&#8220; button_one_text_color__hover_enabled=&#8220;off&#8220; button_two_text_color__hover_enabled=&#8220;off&#8220; button_one_border_width__hover_enabled=&#8220;off&#8220; button_two_border_width__hover_enabled=&#8220;off&#8220; button_one_border_color__hover_enabled=&#8220;off&#8220; button_two_border_color__hover_enabled=&#8220;off&#8220; button_one_border_radius__hover_enabled=&#8220;off&#8220; button_two_border_radius__hover_enabled=&#8220;off&#8220; button_one_letter_spacing__hover_enabled=&#8220;on&#8220; button_one_letter_spacing__hover=&#8220;4px&#8220; button_two_letter_spacing__hover_enabled=&#8220;on&#8220; button_two_letter_spacing__hover=&#8220;4px&#8220; button_one_bg_color__hover_enabled=&#8220;off&#8220; button_two_bg_color__hover_enabled=&#8220;off&#8220; background_color__hover=&#8220;#7EBEC5&#8243; background_color__hover_enabled=&#8220;#7EBEC5&#8243; use_background_color_gradient__hover=&#8220;off&#8220; use_background_color_gradient__hover_enabled=&#8220;off&#8220; background_color_gradient_start__hover=&#8220;#2b87da&#8220; background_color_gradient_start__hover_enabled=&#8220;#2b87da&#8220; background_color_gradient_end__hover=&#8220;#29c4a9&#8243; background_color_gradient_end__hover_enabled=&#8220;#29c4a9&#8243; background_color_gradient_type__hover=&#8220;linear&#8220; background_color_gradient_type__hover_enabled=&#8220;linear&#8220; background_color_gradient_direction__hover=&#8220;180deg&#8220; background_color_gradient_direction__hover_enabled=&#8220;180deg&#8220; background_color_gradient_direction_radial__hover=&#8220;center&#8220; background_color_gradient_direction_radial__hover_enabled=&#8220;center&#8220; background_color_gradient_start_position__hover=&#8220;0%&#8220; background_color_gradient_start_position__hover_enabled=&#8220;0%&#8220; background_color_gradient_end_position__hover=&#8220;100%&#8220; background_color_gradient_end_position__hover_enabled=&#8220;100%&#8220; background_color_gradient_overlays_image__hover=&#8220;off&#8220; background_color_gradient_overlays_image__hover_enabled=&#8220;off&#8220; parallax__hover=&#8220;off&#8220; parallax__hover_enabled=&#8220;off&#8220; parallax_method__hover=&#8220;off&#8220; parallax_method__hover_enabled=&#8220;off&#8220; background_size__hover=&#8220;cover&#8220; background_size__hover_enabled=&#8220;cover&#8220; background_position__hover=&#8220;center&#8220; background_position__hover_enabled=&#8220;center&#8220; background_repeat__hover=&#8220;no-repeat&#8220; background_repeat__hover_enabled=&#8220;no-repeat&#8220; background_blend__hover=&#8220;normal&#8220; background_blend__hover_enabled=&#8220;normal&#8220; allow_player_pause__hover=&#8220;off&#8220; allow_player_pause__hover_enabled=&#8220;off&#8220; background_video_pause_outside_viewport__hover=&#8220;on&#8220; background_video_pause_outside_viewport__hover_enabled=&#8220;on&#8220; background_color_gradient_stops__hover=&#8220;#2b87da 0%|#29c4a9 100%&#8220;]<\/p>\n<h1>T\u00fdm pro \u010desko-anglick\u00fd program<\/h1>\n<p>Seznamte se se \u010dleny na\u0161eho t\u00fdmu. Rodil\u00ed mluv\u010d\u00ed u\u010d\u00ed angli\u010dtinu formou her a p\u0159irozen\u00e9 komunikace. Va\u0161e d\u011bti tak z\u00edsk\u00e1vaj\u00ed n\u00e1skok p\u0159ed vrstevn\u00edky ji\u017e<br \/>\nv \u00fatl\u00e9m v\u011bku.[\/et_pb_fullwidth_header][et_pb_fullwidth_image src=&#8220;https:\/\/www.opalinka.cz\/flora\/wp-content\/uploads\/sites\/2\/2020\/02\/Opalinka-dome\u010dek.png&#8220; _builder_version=&#8220;4.16&#8243; custom_margin=&#8220;-15vw|||||&#8220; custom_padding=&#8220;44px|||||&#8220; filter_brightness=&#8220;110%&#8220; animation_style=&#8220;slide&#8220; animation_direction=&#8220;bottom&#8220; animation_intensity_slide=&#8220;1%&#8220; global_colors_info=&#8220;{}&#8220;][\/et_pb_fullwidth_image][\/et_pb_section][et_pb_section fb_built=&#8220;1&#8243; admin_label=&#8220;Staff&#8220; _builder_version=&#8220;4.16&#8243; background_image=&#8220;https:\/\/www.opalinka.cz\/flora\/wp-content\/uploads\/sites\/2\/2020\/02\/day_care_img_16.png&#8220; background_size=&#8220;contain&#8220; background_position=&#8220;top_center&#8220; background_repeat=&#8220;repeat&#8220; custom_padding=&#8220;|||&#8220; background_last_edited=&#8220;on|phone&#8220; background_enable_image_phone=&#8220;off&#8220; global_colors_info=&#8220;{}&#8220;][et_pb_row column_structure=&#8220;1_2,1_2&#8243; make_equal=&#8220;on&#8220; _builder_version=&#8220;4.16&#8243; module_alignment=&#8220;center&#8220; custom_margin_tablet=&#8220;&#8220; custom_margin_phone=&#8220;-28px||0px||false|false&#8220; custom_margin_last_edited=&#8220;on|phone&#8220; custom_padding=&#8220;||68px|||&#8220; global_colors_info=&#8220;{}&#8220;][et_pb_column type=&#8220;1_2&#8243; _builder_version=&#8220;4.16&#8243; background_enable_color=&#8220;off&#8220; custom_padding=&#8220;|||&#8220; global_colors_info=&#8220;{}&#8220; custom_padding__hover=&#8220;|||&#8220;][et_pb_image src=&#8220;https:\/\/www.opalinka.cz\/flora\/wp-content\/uploads\/sites\/2\/2022\/09\/DSC_5526a.jpg&#8220; title_text=&#8220;DSC_5526a&#8220; align=&#8220;center&#8220; _builder_version=&#8220;4.16&#8243; width=&#8220;65%&#8220; module_alignment=&#8220;center&#8220; border_radii=&#8220;on|10px|10px|10px|10px&#8220; global_colors_info=&#8220;{}&#8220;][\/et_pb_image][et_pb_text _builder_version=&#8220;4.16&#8243; header_4_text_color=&#8220;#707070&#8243; background_color=&#8220;#ffffff&#8220; custom_margin=&#8220;||-1px|||&#8220; custom_padding=&#8220;|30px||30px|false|false&#8220; border_radii=&#8220;off|15px|15px||&#8220; global_colors_info=&#8220;{}&#8220;]<\/p>\n<h1 style=\"text-align: center\">Elena \u0160arifov\u00e1<span style=\"font-size: 18px;color: #707070\"><\/span><\/h1>\n<h1 style=\"text-align: center\"><span style=\"font-size: 18px;color: #707070\">Jednatelka M\u0160<\/span><\/h1>\n<h4 style=\"text-align: center\">Vzd\u011bl\u00e1n\u00ed: V\u0160<\/h4>\n<h4 style=\"text-align: center\"><\/h4>\n<p>[\/et_pb_text][et_pb_text _builder_version=&#8220;4.16&#8243; background_color=&#8220;#ffffff&#8220; custom_margin=&#8220;||||false|false&#8220; custom_padding=&#8220;30px|30px|30px|30px|false|false&#8220; border_radii=&#8220;off|||15px|15px&#8220; global_colors_info=&#8220;{}&#8220;]<\/p>\n<p style=\"text-align: justify\">V\u017edy bylo moji velkou z\u00e1libou u\u010dit se ciz\u00ed jazyky, proto jsem vystudovala pedagogickou univerzitu, obor anglick\u00fd a n\u011bmeck\u00fd jazyk. Z\u00e1rove\u0148 jsem v\u017edycky t\u00edhla k d\u011btem, sama m\u00e1m 3 d\u011bti, a proto jsem se rozhodla v roce 2005 zalo\u017eit jazykov\u00e9 centrum pro d\u011bti p\u0159ed\u0161koln\u00edho a \u0161koln\u00edho v\u011bku. Ze sv\u00fdch zku\u0161enost\u00ed v\u00edm, \u017ee \u010d\u00edm d\u0159\u00edv se d\u00edt\u011b za\u010dne u\u010dit ciz\u00ed jazyk, t\u00edm l\u00edp. D\u011bti v tomto obdob\u00ed se u\u010d\u00ed jazyk rychle, nep\u0159em\u00fd\u0161l\u00ed nad t\u00edm jako dosp\u011bl\u00ed. M\u00fdm c\u00edlem tedy je u\u010dit d\u011bti ciz\u00ed jazyk hrou, aby u\u010den\u00ed prob\u00edhalo p\u0159irozenou cestou.<\/p>\n<p style=\"text-align: justify\">N\u00e1sledn\u011b po z\u00edsk\u00e1n\u00ed mnoho zku\u0161enost\u00ed s&nbsp;u\u010den\u00edm jazyka d\u011bt\u00ed, jsem v&nbsp;roce 2015 zalo\u017eila \u010desko-anglickou mate\u0159skou \u0161kolu. Je pro m\u011b radost vid\u011bt, kdy\u017e d\u00edt\u011b za\u010dne mluvit nejen jedn\u00edm ciz\u00edm jazykem, ale dv\u011bma z\u00e1rove\u0148. V\u00edm, \u017ee velmi kl\u00ed\u010dov\u00fdm faktorem jsou u\u010ditel\u00e9, j\u00e1 vyb\u00edr\u00e1m v\u017edy srdcem a n\u011bjakou svoj\u00ed intuic\u00ed a mus\u00edm podotknout, \u017ee se mi to da\u0159\u00ed. M\u00e1me skv\u011bl\u00fd t\u00fdm u\u010ditelek.<\/p>\n<p>[\/et_pb_text][\/et_pb_column][et_pb_column type=&#8220;1_2&#8243; _builder_version=&#8220;4.16&#8243; global_colors_info=&#8220;{}&#8220;][et_pb_image src=&#8220;http:\/\/www.opalinka.cz\/bubenec\/wp-content\/uploads\/sites\/8\/2026\/04\/foto-ja-2.jpg&#8220; title_text=&#8220;foto j\u00e1 2&#8243; align=&#8220;center&#8220; _builder_version=&#8220;4.27.4&#8243; width=&#8220;65%&#8220; module_alignment=&#8220;center&#8220; border_radii=&#8220;on|10px|10px|10px|10px&#8220; global_colors_info=&#8220;{}&#8220;][\/et_pb_image][et_pb_text _builder_version=&#8220;4.16&#8243; header_4_text_color=&#8220;#707070&#8243; background_color=&#8220;#ffffff&#8220; custom_margin=&#8220;||-1px|||&#8220; custom_padding=&#8220;|30px||30px|false|false&#8220; border_radii=&#8220;off|15px|15px||&#8220; global_colors_info=&#8220;{}&#8220;]<\/p>\n<h1 style=\"text-align: center\">Aneta \u0158ezn\u00edkov\u00e1<\/h1>\n<h4 style=\"text-align: center\"><span>\u0158editelka, u\u010ditelka, rodil\u00e1 mluv\u010d\u00ed \u010desk\u00e9ho jazyka<\/span><\/h4>\n<h4 style=\"text-align: center\">Vzd\u011bl\u00e1n\u00ed: V\u0160<\/h4>\n<p>[\/et_pb_text][et_pb_text _builder_version=&#8220;4.16&#8243; background_color=&#8220;#ffffff&#8220; custom_padding=&#8220;30px|30px|30px|30px|false|false&#8220; border_radii=&#8220;off|||15px|15px&#8220; global_colors_info=&#8220;{}&#8220;]<\/p>\n<p style=\"text-align: justify\"><span data-contrast=\"auto\">P\u0159ed\u0161koln\u00ed vzd\u011bl\u00e1v\u00e1n\u00ed vn\u00edm\u00e1m jako kl\u00ed\u010dov\u00e9 obdob\u00ed, ve kter\u00e9m si d\u00edt\u011b vytv\u00e1\u0159\u00ed z\u00e1kladn\u00ed obraz o sob\u011b sam\u00e9m, o druh\u00fdch i o sv\u011bt\u011b. Ve sv\u00e9 pr\u00e1ci proto kladu d\u016fraz na to, aby d\u011bti za\u017e\u00edvaly pocit bezpe\u010d\u00ed, p\u0159ijet\u00ed a respektu, proto\u017ee pr\u00e1v\u011b tyto zku\u0161enosti jsou z\u00e1kladem pro vznik zdrav\u00e9 vnit\u0159n\u00ed hodnoty a d\u016fv\u011bry v sebe sama. V\u011b\u0159\u00edm, \u017ee pokud je d\u00edt\u011b p\u0159ij\u00edm\u00e1no bez podm\u00ednek, u\u010d\u00ed se vn\u00edmat samo sebe jako dostate\u010dn\u00e9 a hodnotn\u00e9, zat\u00edmco prost\u0159ed\u00ed zalo\u017een\u00e9 na tlaku nebo hodnocen\u00ed m\u016f\u017ee v\u00e9st k nejistot\u011b, strachu z chyb a z\u00e1vislosti na vn\u011bj\u0161\u00edm uzn\u00e1n\u00ed. Tento p\u0159\u00edstup spole\u010dn\u011b s t\u00fdmem aktivn\u011b vytv\u00e1\u0159\u00edme v ka\u017edodenn\u00ed praxi.<\/span><span data-ccp-props=\"{&quot;134233117&quot;:false,&quot;134233118&quot;:false,&quot;335551550&quot;:6,&quot;335551620&quot;:6,&quot;335559738&quot;:240,&quot;335559739&quot;:240}\">\u00a0<\/span><\/p>\n<p style=\"text-align: justify\"><span data-contrast=\"auto\">Velk\u00fd d\u016fraz klademe na rozvoj emo\u010dn\u00ed inteligence, proto\u017ee schopnost rozum\u011bt vlastn\u00edm emoc\u00edm a pracovat s nimi je z\u00e1kladem du\u0161evn\u00ed pohody i zdrav\u00fdch vztah\u016f. D\u011bti, kter\u00e9 se to u\u010d\u00ed od ran\u00e9ho v\u011bku, l\u00e9pe zvl\u00e1daj\u00ed n\u00e1ro\u010dn\u00e9 situace, rozv\u00edjej\u00ed empatii a buduj\u00ed si vnit\u0159n\u00ed stabilitu. D\u011bti vedeme k tomu, aby vn\u00edmaly chybu jako p\u0159irozenou sou\u010d\u00e1st u\u010den\u00ed a dok\u00e1zaly se ze sv\u00fdch zku\u0161enost\u00ed u\u010dit, \u010d\u00edm\u017e rozv\u00edjej\u00ed odvahu, vnit\u0159n\u00ed motivaci, kreativitu i samostatnost a z\u00e1rove\u0148 si buduj\u00ed psychickou odolnost a zdrav\u00e9 sebev\u011bdom\u00ed.<\/span><span data-ccp-props=\"{&quot;134233117&quot;:false,&quot;134233118&quot;:false,&quot;335551550&quot;:6,&quot;335551620&quot;:6,&quot;335559738&quot;:240,&quot;335559739&quot;:240}\">\u00a0<\/span><\/p>\n<p style=\"text-align: justify\"><span data-contrast=\"auto\">Sou\u010d\u00e1st\u00ed na\u0161eho p\u0159\u00edstupu je tak\u00e9 veden\u00ed d\u011bt\u00ed k sebehodnocen\u00ed, d\u00edky kter\u00e9mu se u\u010d\u00ed vn\u00edmat sv\u00e9 siln\u00e9 str\u00e1nky i mo\u017enosti dal\u0161\u00edho rozvoje.<\/span><span data-ccp-props=\"{&quot;134233117&quot;:false,&quot;134233118&quot;:false,&quot;335551550&quot;:6,&quot;335551620&quot;:6,&quot;335559738&quot;:240,&quot;335559739&quot;:240}\">\u00a0<\/span><\/p>\n<p style=\"text-align: justify\"><span data-contrast=\"auto\">V\u011b\u0159\u00edm, \u017ee ka\u017ed\u00e9 d\u00edt\u011b v sob\u011b nese jedine\u010dn\u00fd potenci\u00e1l, a m\u00fdm c\u00edlem je spole\u010dn\u011b s t\u00fdmem vytv\u00e1\u0159et podm\u00ednky, ve kter\u00fdch jej m\u016f\u017ee objevovat s radost\u00ed a d\u016fv\u011brou v sebe sama.<\/span><span data-ccp-props=\"{&quot;134233117&quot;:false,&quot;134233118&quot;:false,&quot;335551550&quot;:6,&quot;335551620&quot;:6,&quot;335559738&quot;:240,&quot;335559739&quot;:240}\">\u00a0<\/span><\/p>\n<p data-start=\"1732\" data-end=\"1997\" style=\"text-align: justify\">M\u00e9 vzd\u011bl\u00e1n\u00ed bylo od st\u0159edn\u00ed \u0161koly a\u017e po magistersk\u00e9 studium zam\u011b\u0159eno na oblast p\u0159ed\u0161koln\u00edho vzd\u011bl\u00e1v\u00e1n\u00ed. Praktick\u00e9 zku\u0161enosti jsem z\u00edskala jako u\u010ditelka v mate\u0159sk\u00fdch \u0161kol\u00e1ch v \u010cesk\u00e9 republice i v zahrani\u010d\u00ed, konkr\u00e9tn\u011b v anglick\u00e9 mate\u0159sk\u00e9 a z\u00e1kladn\u00ed \u0161kole v Lond\u00fdn\u011b.<\/p>\n<p>[\/et_pb_text][\/et_pb_column][\/et_pb_row][et_pb_row column_structure=&#8220;1_2,1_2&#8243; make_equal=&#8220;on&#8220; _builder_version=&#8220;4.16&#8243; module_alignment=&#8220;center&#8220; custom_margin_tablet=&#8220;&#8220; custom_margin_phone=&#8220;-28px||0px||false|false&#8220; custom_margin_last_edited=&#8220;on|phone&#8220; global_colors_info=&#8220;{}&#8220;][et_pb_column type=&#8220;1_2&#8243; _builder_version=&#8220;4.16&#8243; background_enable_color=&#8220;off&#8220; custom_padding=&#8220;|||&#8220; global_colors_info=&#8220;{}&#8220; custom_padding__hover=&#8220;|||&#8220;][et_pb_image src=&#8220;https:\/\/www.opalinka.cz\/bubenec\/wp-content\/uploads\/sites\/8\/2024\/09\/opalinka_04.jpg&#8220; title_text=&#8220;opalinka_04&#8243; align=&#8220;center&#8220; _builder_version=&#8220;4.21.0&#8243; width=&#8220;65%&#8220; module_alignment=&#8220;center&#8220; border_radii=&#8220;on|10px|10px|10px|10px&#8220; global_colors_info=&#8220;{}&#8220;][\/et_pb_image][et_pb_text _builder_version=&#8220;4.16&#8243; header_4_text_color=&#8220;#707070&#8243; background_color=&#8220;#ffffff&#8220; custom_margin=&#8220;||-1px|||&#8220; custom_padding=&#8220;|30px||30px|false|false&#8220; border_radii=&#8220;off|15px|15px||&#8220; global_colors_info=&#8220;{}&#8220;]<\/p>\n<h1 style=\"text-align: center\"><span>Justin Hart<\/span><\/h1>\n<h4 style=\"text-align: center\"><span style=\"font-size: 18px\">U\u010ditel, rodil\u00fd mluv\u010d\u00ed anglick\u00e9ho jazyka<\/span><\/h4>\n<h4 style=\"text-align: center\"><span>\u00a0<\/span>Vzd\u011bl\u00e1n\u00ed: V\u0160<\/h4>\n<p>[\/et_pb_text][et_pb_text _builder_version=&#8220;4.21.0&#8243; background_color=&#8220;#ffffff&#8220; custom_margin=&#8220;||||false|false&#8220; custom_padding=&#8220;30px|30px|30px|30px|false|false&#8220; border_radii=&#8220;off|||15px|15px&#8220; locked=&#8220;off&#8220; global_colors_info=&#8220;{}&#8220;]<\/p>\n<p style=\"text-align: justify\">&#8220; Ahoj! Jmenuji se Justin. P\u016fvodn\u011b jsem ze Spojen\u00fdch st\u00e1t\u016f, ale u\u017e asi 18 let \u017eiji v zahrani\u010d\u00ed. M\u00e1m zku\u0161enosti v divadle a v\u011b\u0159\u00edm, \u017ee d\u011bti mohou objevovat sv\u011bt kolem sebe vzru\u0161uj\u00edc\u00edm zp\u016fsobem pomoc\u00ed fantazie a kreativity. A\u0165 u\u017e prost\u0159ednictv\u00edm vypr\u00e1v\u011bn\u00ed p\u0159\u00edb\u011bh\u016f, hran\u00ed rol\u00ed nebo praktick\u00fdch \u010dinnost\u00ed, sna\u017e\u00edm se vytvo\u0159it bezpe\u010dn\u00e9 a podporuj\u00edc\u00ed prost\u0159ed\u00ed, kde si d\u011bti mohou budovat sebev\u011bdom\u00ed, rozv\u00edjet soci\u00e1ln\u00ed dovednosti a objevit l\u00e1sku k u\u010den\u00ed skrze divadeln\u00ed um\u011bn\u00ed. Krom\u011b u\u010den\u00ed m\u011b bav\u00ed pono\u0159it se do m\u00e9n\u011b zn\u00e1m\u00fdch \u010d\u00e1st\u00ed historie, u\u017e\u00edvat si ve\u010dery s karaoke nebo hledat poklady na ble\u0161\u00edch trz\u00edch a v antikvari\u00e1tech.<span style=\"font-size: 14px;text-align: justify\">&#8222;<\/span><\/p>\n<p>[\/et_pb_text][et_pb_image src=&#8220;http:\/\/www.opalinka.cz\/bubenec\/wp-content\/uploads\/sites\/8\/2025\/12\/e2faf289-c2b4-4bd2-9c19-637d1ae1fa59.jpeg&#8220; title_text=&#8220;e2faf289-c2b4-4bd2-9c19-637d1ae1fa59&#8243; align=&#8220;center&#8220; _builder_version=&#8220;4.27.4&#8243; width=&#8220;65%&#8220; module_alignment=&#8220;center&#8220; border_radii=&#8220;on|10px|10px|10px|10px&#8220; global_colors_info=&#8220;{}&#8220;][\/et_pb_image][et_pb_text _builder_version=&#8220;4.16&#8243; header_4_text_color=&#8220;#707070&#8243; background_color=&#8220;#ffffff&#8220; custom_margin=&#8220;||-1px|||&#8220; custom_padding=&#8220;|30px||30px|false|false&#8220; border_radii=&#8220;off|15px|15px||&#8220; global_colors_info=&#8220;{}&#8220;]<\/p>\n<h1 style=\"text-align: center\"><span>Morgan Zvolska<\/span><\/h1>\n<h4 style=\"text-align: center\"><span style=\"font-size: 18px\">U\u010ditelka, rodil\u00e1 mluv\u010d\u00ed anglick\u00e9ho jazyka<\/span><\/h4>\n<h4 style=\"text-align: center\"><span>\u00a0<\/span>Vzd\u011bl\u00e1n\u00ed: V\u0160<\/h4>\n<p>[\/et_pb_text][et_pb_text _builder_version=&#8220;4.16&#8243; background_color=&#8220;#ffffff&#8220; custom_margin=&#8220;||||false|false&#8220; custom_padding=&#8220;30px|30px|30px|30px|false|false&#8220; border_radii=&#8220;off|||15px|15px&#8220; locked=&#8220;off&#8220; global_colors_info=&#8220;{}&#8220;]<\/p>\n<p data-start=\"0\" data-end=\"315\" style=\"text-align: justify\">Ahoj! Jmenuji se Morgan a narodila jsem se a vyr\u016fstala v Key West na Florid\u011b. Ned\u00e1vno jsem dokon\u010dila bakal\u00e1\u0159sk\u00e9 studium psychologie na University of Florida. B\u011bhem studia jsem z\u00edskala zku\u0161enosti s v\u00fdukou angli\u010dtiny v English Language Institute (ELI), kde jsem m\u011bla p\u0159\u00edle\u017eitost pracovat se studenty z cel\u00e9ho sv\u011bta.<\/p>\n<p data-start=\"317\" data-end=\"579\" style=\"text-align: justify\">Posledn\u00ed rok pracuji s d\u011btmi a naprosto m\u011b to bav\u00ed. Z vlastn\u00ed zku\u0161enosti v\u00edm, jak moc d\u016fle\u017eit\u00e9 je m\u00edt u\u010ditele, kter\u00fd dok\u00e1\u017ee inspirovat a motivovat obzvl\u00e1\u0161\u0165 v ran\u00e9m v\u011bku. Sna\u017e\u00edm se b\u00fdt pro d\u011bti takov\u00fdm vzorem, podporovat jejich sebev\u011bdom\u00ed a nad\u0161en\u00ed pro u\u010den\u00ed.<\/p>\n<p data-start=\"581\" data-end=\"802\" data-is-last-node=\"\" data-is-only-node=\"\" style=\"text-align: justify\">Krom\u011b v\u00fduky tak\u00e9 pracuji ve v\u00fdzkumu v N\u00e1rodn\u00edm \u00fastavu du\u0161evn\u00edho zdrav\u00ed (NUDZ). Toto je moje prvn\u00ed zku\u0161enost s \u017eivotem v \u010cesk\u00e9 republice a moc se t\u011b\u0161\u00edm, \u017ee ji budu moci naplno pro\u017e\u00edt jak po osobn\u00ed, tak po profesn\u00ed str\u00e1nce.<\/p>\n<div id=\"v1_rc_sig\"><\/div>\n<p style=\"text-align: justify\">\n<p>[\/et_pb_text][et_pb_image src=&#8220;https:\/\/www.opalinka.cz\/bubenec\/wp-content\/uploads\/sites\/8\/2024\/12\/IMG_7810-scaled.jpeg&#8220; title_text=&#8220;IMG_7810&#8243; align=&#8220;center&#8220; _builder_version=&#8220;4.21.0&#8243; width=&#8220;65%&#8220; module_alignment=&#8220;center&#8220; border_radii=&#8220;on|10px|10px|10px|10px&#8220; global_colors_info=&#8220;{}&#8220;][\/et_pb_image][et_pb_text _builder_version=&#8220;4.16&#8243; header_4_text_color=&#8220;#707070&#8243; background_color=&#8220;#ffffff&#8220; custom_margin=&#8220;||-1px|||&#8220; custom_padding=&#8220;|30px||30px|false|false&#8220; border_radii=&#8220;off|15px|15px||&#8220; global_colors_info=&#8220;{}&#8220;]<\/p>\n<h1 style=\"text-align: center\"><span>Kate\u0159ina V\u00e1chalov\u00e1<\/span><\/h1>\n<h4 style=\"text-align: center\"><span style=\"font-size: 18px\">U\u010ditelka, rodil\u00e1 mluv\u010d\u00ed \u010desk\u00e9ho jazyka<\/span><\/h4>\n<h4 style=\"text-align: center\"><span>\u00a0<\/span>Vzd\u011bl\u00e1n\u00ed: V\u0160<\/h4>\n<p>[\/et_pb_text][et_pb_text _builder_version=&#8220;4.16&#8243; background_color=&#8220;#ffffff&#8220; custom_margin=&#8220;||||false|false&#8220; custom_padding=&#8220;30px|30px|30px|30px|false|false&#8220; border_radii=&#8220;off|||15px|15px&#8220; locked=&#8220;off&#8220; global_colors_info=&#8220;{}&#8220;]<\/p>\n<p style=\"text-align: justify\">Jmenuji se Kate\u0159ina V\u00e1chalov\u00e1, vystudovala jsem speci\u00e1ln\u00ed pedagogiku. Pr\u00e1ce s d\u011btmi m\u011b napl\u0148uje; bav\u00ed m\u011b objevovat jejich jedine\u010dnost a hledat zp\u016fsoby, jak je podpo\u0159it v tom, co je bav\u00ed a v \u010dem vynikaj\u00ed. V\u011b\u0159\u00edm, \u017ee individu\u00e1ln\u00ed p\u0159\u00edstup ke ka\u017ed\u00e9mu d\u00edt\u011bti je kl\u00ed\u010dem k tomu, aby se c\u00edtilo p\u0159ij\u00edman\u00e9 a mohlo naplno rozv\u00edjet sv\u016fj potenci\u00e1l.<\/p>\n<p>Ve voln\u00e9m \u010dase si r\u00e1da odpo\u010dinu s dobrou knihou nebo tr\u00e1v\u00edm \u010das v p\u0159\u00edrod\u011b, kde nach\u00e1z\u00edm klid a inspiraci. D\u011bti m\u011b u\u010d\u00ed d\u00edvat se na sv\u011bt jejich o\u010dima a v\u00e1\u017eit si radosti z mali\u010dkost\u00ed \u2013 to m\u011b motivuje nejen v pr\u00e1ci, ale i v osobn\u00edm \u017eivot\u011b.<\/p>\n<p style=\"text-align: justify\">\n<p>[\/et_pb_text][et_pb_image src=&#8220;http:\/\/www.opalinka.cz\/bubenec\/wp-content\/uploads\/sites\/8\/2026\/01\/c0db3918-d0f0-4672-b698-b819c1ddfd4e-1.jpeg&#8220; title_text=&#8220;c0db3918-d0f0-4672-b698-b819c1ddfd4e&#8220; align=&#8220;center&#8220; _builder_version=&#8220;4.27.4&#8243; width=&#8220;65%&#8220; module_alignment=&#8220;center&#8220; border_radii=&#8220;on|10px|10px|10px|10px&#8220; global_colors_info=&#8220;{}&#8220;][\/et_pb_image][et_pb_text _builder_version=&#8220;4.16&#8243; header_4_text_color=&#8220;#707070&#8243; background_color=&#8220;#ffffff&#8220; custom_margin=&#8220;||-1px|||&#8220; custom_padding=&#8220;|30px||30px|false|false&#8220; border_radii=&#8220;off|15px|15px||&#8220; global_colors_info=&#8220;{}&#8220;]<\/p>\n<h1 style=\"text-align: center\"><span>Eva Hollitzerov\u00e1<\/span><\/h1>\n<h4 style=\"text-align: center\"><span style=\"font-size: 18px\">Asistentka u\u010ditele, rodil\u00e1 mluv\u010d\u00ed \u010desk\u00e9ho jazyka<\/span><\/h4>\n<h4 style=\"text-align: center\"><span>\u00a0<\/span>Vzd\u011bl\u00e1n\u00ed: V\u0160<\/h4>\n<p>[\/et_pb_text][et_pb_text _builder_version=&#8220;4.16&#8243; background_color=&#8220;#ffffff&#8220; custom_margin=&#8220;||||false|false&#8220; custom_padding=&#8220;30px|30px|30px|30px|false|false&#8220; border_radii=&#8220;off|||15px|15px&#8220; locked=&#8220;off&#8220; global_colors_info=&#8220;{}&#8220;]<\/p>\n<p style=\"text-align: justify\"><span>Jmenuji se Eva a pr\u00e1ce s d\u011btmi je p\u0159irozenou sou\u010d\u00e1st\u00ed m\u00e9ho \u017eivota u\u017e mnoho let. U\u017e od dosp\u00edv\u00e1n\u00ed m\u011b bav\u00ed b\u00fdt d\u011btem oporou, pom\u00e1hat jim objevovat sv\u011bt a vytv\u00e1\u0159et prost\u0159ed\u00ed, ve kter\u00e9m se c\u00edt\u00ed bezpe\u010dn\u011b a p\u0159ij\u00edman\u00e9. Studuji pedagogiku na Filozofick\u00e9 fakult\u011b Univerzity Karlovy, kde si prohlubuji sv\u00e9 znalosti a hled\u00e1m inspiraci pro citliv\u00fd a respektuj\u00edc\u00ed p\u0159\u00edstup k d\u011btem. Angli\u010dtin\u011b se v\u011bnuji od \u0161esti let a jsem dr\u017eitelkou Cambridge certifik\u00e1tu na \u00farovni C1. Zku\u0161enosti m\u00e1m jako lektorka anglick\u00e9ho jazyka pro d\u011bti i dosp\u011bl\u00e9 a tak\u00e9 s individu\u00e1ln\u00edm dou\u010dov\u00e1n\u00edm d\u011bt\u00ed. Ji\u017e od patn\u00e1cti let pravideln\u011b jezd\u00edm na letn\u00ed d\u011btsk\u00e9 t\u00e1bory, nejprve jako praktikantka a pozd\u011bji i jako vedouc\u00ed, kde jsem si ov\u011b\u0159ila, jak d\u016fle\u017eit\u00e1 je d\u016fv\u011bra, laskavost a radost ze spole\u010dn\u011b str\u00e1ven\u00e9ho \u010dasu. V\u00fduka jazyk\u016f m\u011b velmi bav\u00ed a v\u011b\u0159\u00edm, \u017ee d\u011bti jsou na\u0161\u00ed budoucnost\u00ed. Proto pova\u017euji za d\u016fle\u017eit\u00e9 podporovat jejich p\u0159irozenou zv\u00eddavost a u\u010dit je dovednostem, kter\u00e9 jim budou u\u017eite\u010dn\u00e9 nejen ve \u0161kole, ale i v b\u011b\u017en\u00e9m \u017eivot\u011b. M\u00e1m radost, \u017ee mohu b\u00fdt sou\u010d\u00e1st\u00ed \u010desko-anglick\u00e9 \u0161kolky, kde panuje p\u0159\u00e1telsk\u00e1 atmosf\u00e9ra a kde mohou d\u011bti r\u016fst sv\u00fdm vlastn\u00edm tempem.<\/span><\/p>\n<p style=\"text-align: justify\">\n<p>[\/et_pb_text][et_pb_image src=&#8220;http:\/\/www.opalinka.cz\/bubenec\/wp-content\/uploads\/sites\/8\/2026\/04\/e8dae4eb-4277-4b30-8c8a-5807cb7f190e.jpeg&#8220; title_text=&#8220;e8dae4eb-4277-4b30-8c8a-5807cb7f190e&#8220; align=&#8220;center&#8220; _builder_version=&#8220;4.27.4&#8243; width=&#8220;65%&#8220; module_alignment=&#8220;center&#8220; hover_enabled=&#8220;0&#8243; border_radii=&#8220;on|10px|10px|10px|10px&#8220; global_colors_info=&#8220;{}&#8220; sticky_enabled=&#8220;0&#8243;][\/et_pb_image][\/et_pb_column][et_pb_column type=&#8220;1_2&#8243; _builder_version=&#8220;4.16&#8243; global_colors_info=&#8220;{}&#8220;][et_pb_image src=&#8220;https:\/\/www.opalinka.cz\/flora\/wp-content\/uploads\/sites\/2\/2022\/09\/DSC_5508-1-scaled.jpg&#8220; title_text=&#8220;DSC_5508&#8243; align=&#8220;center&#8220; _builder_version=&#8220;4.16&#8243; width=&#8220;65%&#8220; module_alignment=&#8220;center&#8220; border_radii=&#8220;on|10px|10px|10px|10px&#8220; global_colors_info=&#8220;{}&#8220;][\/et_pb_image][et_pb_text _builder_version=&#8220;4.16&#8243; header_4_text_color=&#8220;#707070&#8243; background_color=&#8220;#ffffff&#8220; custom_margin=&#8220;||-1px|||&#8220; custom_padding=&#8220;|30px||30px|false|false&#8220; border_radii=&#8220;off|15px|15px||&#8220; global_colors_info=&#8220;{}&#8220;]<\/p>\n<h1 style=\"text-align: center\"><span>Kaity Bitter<\/span><\/h1>\n<h4 style=\"text-align: center\"><span style=\"font-size: 18px\">U\u010ditelka, rodil\u00e1 mluv\u010d\u00ed anglick\u00e9ho jazyka<\/span><\/h4>\n<h4 style=\"text-align: center\"><span>&nbsp;<\/span>Vzd\u011bl\u00e1n\u00ed: V\u0160<\/h4>\n<p>[\/et_pb_text][et_pb_text _builder_version=&#8220;4.16&#8243; background_color=&#8220;#ffffff&#8220; custom_margin=&#8220;||||false|false&#8220; custom_padding=&#8220;30px|30px|30px|30px|false|false&#8220; border_radii=&#8220;off|||15px|15px&#8220; locked=&#8220;off&#8220; global_colors_info=&#8220;{}&#8220;]<\/p>\n<p style=\"text-align: justify\">&#8222;J<span class=\"jCAhz ChMk0b\"><span class=\"ryNqvb\">\u00e1 se jmenuji Kaity!<\/span><\/span><span class=\"jCAhz\"><span class=\"ryNqvb\"> <\/span><\/span><span class=\"jCAhz ChMk0b\"><span class=\"ryNqvb\">Poch\u00e1z\u00edm z Kanady a v \u010cesk\u00e9 republice \u017eiji od roku 2020. Certifikaci TEFL jsem z\u00edskala v roce 2022 a ji\u017e sedm let pracuji s d\u011btmi.<\/span><\/span><span> <\/span><span class=\"jCAhz ChMk0b\"><span class=\"ryNqvb\">U\u010dila jsem angli\u010dtinu na jazykov\u00e9 \u0161kole v Praze a tak\u00e9 na individu\u00e1ln\u00edch lekc\u00edch.<\/span><\/span><span class=\"jCAhz\"><span class=\"ryNqvb\"> <\/span><\/span><span class=\"jCAhz ChMk0b\"><span class=\"ryNqvb\">V\u011b\u0159\u00edm, \u017ee kdy\u017e se d\u011bti c\u00edt\u00ed v bezpe\u010d\u00ed a milovan\u00e9, d\u011bj\u00ed se kouzla.<\/span><\/span><span> <\/span><span class=\"jCAhz ChMk0b\"><span class=\"ryNqvb\">Chci, aby se ka\u017ed\u00fd student ve t\u0159\u00edd\u011b c\u00edtil oce\u0148ov\u00e1n, a aby o n\u011bj bylo postar\u00e1no, proto\u017ee pr\u00e1v\u011b tehdy dos\u00e1hne sv\u00e9ho nejvy\u0161\u0161\u00edho potenci\u00e1lu.<\/span><\/span><span class=\"jCAhz\"><span class=\"ryNqvb\"> <\/span><\/span><span class=\"jCAhz ChMk0b\"><span class=\"ryNqvb\">Budov\u00e1n\u00ed inkluzivn\u00edho, starostliv\u00e9ho a zv\u00eddav\u00e9ho prost\u0159ed\u00ed ve t\u0159\u00edd\u011b je pro m\u011b velmi d\u016fle\u017eit\u00e9.<\/span><\/span><span> <\/span><span class=\"jCAhz ChMk0b\"><span class=\"ryNqvb\">Miluji \u010dten\u00ed, um\u011bn\u00ed a diskuse ve t\u0159\u00edd\u011b.<\/span><\/span><span> <\/span><span class=\"jCAhz ChMk0b\"><span class=\"ryNqvb\">Sledovat, jak d\u011bti d\u011blaj\u00ed pokroky a rostou, je obecn\u011b pro u\u010ditele tak obohacuj\u00edc\u00ed!<\/span><\/span><span style=\"font-size: 14px\">&#8222;<\/span><\/p>\n<p>[\/et_pb_text][et_pb_image src=&#8220;https:\/\/www.opalinka.cz\/bubenec\/wp-content\/uploads\/sites\/8\/2024\/02\/DSC_4465_1-scaled.jpg&#8220; title_text=&#8220;DSC_4465_1&#8243; align=&#8220;center&#8220; _builder_version=&#8220;4.21.0&#8243; width=&#8220;65%&#8220; module_alignment=&#8220;center&#8220; border_radii=&#8220;on|10px|10px|10px|10px&#8220; global_colors_info=&#8220;{}&#8220;][\/et_pb_image][et_pb_text _builder_version=&#8220;4.16&#8243; header_4_text_color=&#8220;#707070&#8243; background_color=&#8220;#ffffff&#8220; custom_margin=&#8220;||-1px|||&#8220; custom_padding=&#8220;|30px||30px|false|false&#8220; border_radii=&#8220;off|15px|15px||&#8220; global_colors_info=&#8220;{}&#8220;]<\/p>\n<h1 style=\"text-align: center\"><span>Monika Blaho\u0161ov\u00e1<\/span><\/h1>\n<h4 style=\"text-align: center\"><span style=\"font-size: 18px\">U\u010ditelka, rodil\u00e1 mluv\u010d\u00ed \u010desk\u00e9ho jazyka<\/span><\/h4>\n<h4 style=\"text-align: center\"><span>\u00a0<\/span>Vzd\u011bl\u00e1n\u00ed: VO\u0160<\/h4>\n<p>[\/et_pb_text][et_pb_text _builder_version=&#8220;4.16&#8243; background_color=&#8220;#ffffff&#8220; custom_margin=&#8220;||||false|false&#8220; custom_padding=&#8220;30px|30px|30px|30px|false|false&#8220; border_radii=&#8220;off|||15px|15px&#8220; locked=&#8220;off&#8220; global_colors_info=&#8220;{}&#8220;]<\/p>\n<p style=\"text-align: justify\">&#8222;Ahoj, jmenuji se Monika. V\u017edy jsem v\u011bd\u011bla, \u017ee chci pracovat s\u00a0lidmi a b\u00fdt jim prosp\u011b\u0161n\u00e1. Rozhodla jsem se tedy pro pedagogick\u00e9 lyceum, kde jsem m\u011bla p\u0159\u00edle\u017eitost si vyzkou\u0161et pr\u00e1ci v r\u016fzn\u00fdch oborech. Nejv\u00edce si m\u011b nakonec z\u00edskali\u00a0ti nejmen\u0161\u00ed. L\u00edb\u00ed se mi d\u011btsk\u00e1 up\u0159\u00edmnost, otev\u0159enost a p\u0159edev\u0161\u00edm jejich nad\u0161en\u00ed pro v\u0161echno nov\u00e9. D\u011btsk\u00e1 zv\u00eddavost a pot\u0159eba objevov\u00e1n\u00ed je p\u0159irozenost, kterou bych r\u00e1da nad\u00e1le v\u00a0d\u011btech rozv\u00edjela, aby si vybudovaly kladn\u00fd vztah k u\u010den\u00ed. I m\u011b samotnou to motivuje pro hled\u00e1n\u00ed nov\u00fdch cest. Rozhodla jsem se tedy pokra\u010dovat ve studiu na VO\u0160 p\u0159ed\u0161koln\u00ed pedagogiku, kde jsem mohla nabrat cenn\u00e9 rady zku\u0161en\u011bj\u0161\u00edch pedagog\u016f a prohloubit si i sv\u00e9 teoretick\u00e9 znalosti. Z\u00e1rove\u0148 jsem se v\u011bnovala i studiu anglick\u00e9ho jazyka, kter\u00fd mi te\u010f pom\u00e1h\u00e1 v\u00a0komunikaci se sv\u00fdmi anglicky mluv\u00edc\u00edmi kolegy. M\u00e1m radost, \u017ee mohu d\u011bti podporovat a b\u00fdt sou\u010d\u00e1st\u00ed jej\u00edch v\u00fdvoje v\u00a0tak p\u0159\u00e1telsk\u00e9 \u0161kolce.<span style=\"font-size: 14px\">&#8222;<\/span><\/p>\n<p>[\/et_pb_text][et_pb_image src=&#8220;http:\/\/www.opalinka.cz\/bubenec\/wp-content\/uploads\/sites\/8\/2026\/01\/a0a918bc-e8c4-4357-b173-e1ac61148ed8.jpeg&#8220; title_text=&#8220;a0a918bc-e8c4-4357-b173-e1ac61148ed8&#8243; align=&#8220;center&#8220; _builder_version=&#8220;4.27.4&#8243; width=&#8220;65%&#8220; module_alignment=&#8220;center&#8220; border_radii=&#8220;on|10px|10px|10px|10px&#8220; global_colors_info=&#8220;{}&#8220;][\/et_pb_image][et_pb_text _builder_version=&#8220;4.27.4&#8243; header_4_text_color=&#8220;#707070&#8243; background_color=&#8220;#ffffff&#8220; custom_margin=&#8220;||-1px|||&#8220; custom_padding=&#8220;|30px||30px|false|false&#8220; border_radii=&#8220;off|15px|15px||&#8220; global_colors_info=&#8220;{}&#8220;]<\/p>\n<h1><span>\u00a0 \u00a0 \u00a0 \u00a0 \u00a0 \u00a0Steffi Clare Mountain\u00a0<\/span><\/h1>\n<h1 style=\"text-align: center\"><\/h1>\n<h4 style=\"text-align: center\"><span style=\"font-size: 18px\">U\u010ditelka, rodil\u00e1 mluv\u010d\u00ed anglick\u00e9ho jazyka<\/span><\/h4>\n<h4 style=\"text-align: center\"><span>\u00a0<\/span>Vzd\u011bl\u00e1n\u00ed: university<\/h4>\n<p>[\/et_pb_text][et_pb_text _builder_version=&#8220;4.16&#8243; background_color=&#8220;#ffffff&#8220; custom_margin=&#8220;||||false|false&#8220; custom_padding=&#8220;30px|30px|30px|30px|false|false&#8220; border_radii=&#8220;off|||15px|15px&#8220; locked=&#8220;off&#8220; global_colors_info=&#8220;{}&#8220;]<\/p>\n<p data-start=\"64\" data-end=\"520\" style=\"text-align: justify\">Jmenuji se Steffi, je mi 24 let a ned\u00e1vno jsem absolvovala bakal\u00e1\u0159sk\u00e9 studium v\u00fdtvarn\u00e9ho um\u011bn\u00ed (BA Fine Art) na Central Saint Martins v Lond\u00fdn\u011b. Jsem velmi kreativn\u00ed \u010dlov\u011bk s v\u00e1\u0161n\u00ed pro psan\u00ed, poezii a malbu. Mezi m\u00e9 p\u0159edchoz\u00ed zku\u0161enosti s prac\u00ed s d\u011btmi pat\u0159\u00ed veden\u00ed v\u00fdtvarn\u00fdch krou\u017ek\u016f pro sm\u00ed\u0161en\u00e9 v\u011bkov\u00e9 skupiny a p\u011bveck\u00fdch sbor\u016f na letn\u00edch hudebn\u00edch \u0161kol\u00e1ch. Jsem velmi r\u00e1da, \u017ee nyn\u00ed nastupuji do role, kter\u00e1 podporuje a rozv\u00edj\u00ed d\u011btskou hravou kreativitu.<\/p>\n<p data-start=\"522\" data-end=\"710\" style=\"text-align: justify\">Sou\u010dasn\u011b se studiem jsem absolvovala kvalifikaci TEFL Level 5 a velmi se t\u011b\u0161\u00edm, \u017ee budu moci vyu\u017e\u00edt sv\u00e9 nov\u00e9 pedagogick\u00e9 dovednosti k tomu, abych d\u011btem pom\u00e1hala rozv\u00edjet jejich angli\u010dtinu.<\/p>\n<p>[\/et_pb_text][et_pb_image src=&#8220;http:\/\/www.opalinka.cz\/bubenec\/wp-content\/uploads\/sites\/8\/2026\/01\/Violeta-Merrow-Garrabou.png&#8220; title_text=&#8220;Violeta Merrow Garrabou&#8220; align=&#8220;center&#8220; _builder_version=&#8220;4.27.4&#8243; width=&#8220;65%&#8220; module_alignment=&#8220;center&#8220; border_radii=&#8220;on|10px|10px|10px|10px&#8220; global_colors_info=&#8220;{}&#8220;][\/et_pb_image][et_pb_text _builder_version=&#8220;4.27.4&#8243; header_4_text_color=&#8220;#707070&#8243; background_color=&#8220;#ffffff&#8220; custom_margin=&#8220;||-1px|||&#8220; custom_padding=&#8220;|30px||30px|false|false&#8220; border_radii=&#8220;off|15px|15px||&#8220; global_colors_info=&#8220;{}&#8220;]<\/p>\n<h1><span>\u00a0 \u00a0 \u00a0 Violeta Merrow Garrabou\u00a0 \u00a0 \u00a0 \u00a0 \u00a0 <\/span><\/h1>\n<h1 style=\"text-align: center\"><\/h1>\n<h4 style=\"text-align: center\"><span style=\"font-size: 18px\">U\u010ditelka, rodil\u00e1 mluv\u010d\u00ed anglick\u00e9ho jazyka<\/span><\/h4>\n<h4 style=\"text-align: center\"><span>\u00a0<\/span>Vzd\u011bl\u00e1n\u00ed: university<\/h4>\n<p>[\/et_pb_text][et_pb_text _builder_version=&#8220;4.16&#8243; background_color=&#8220;#ffffff&#8220; custom_margin=&#8220;||||false|false&#8220; custom_padding=&#8220;30px|30px|30px|30px|false|false&#8220; border_radii=&#8220;off|||15px|15px&#8220; locked=&#8220;off&#8220; global_colors_info=&#8220;{}&#8220;]<\/p>\n<p data-start=\"64\" data-end=\"278\">Jmenuji se Violeta. Vyr\u016fstala jsem v Barcelon\u011b a New Yorku a t\u011b\u0161\u00ed m\u011b, \u017ee mohu pracovat jako v\u00fdtvarn\u00e1 u\u010ditelka v Opalince. M\u00e1m bakal\u00e1\u0159sk\u00fd titul z v\u00fdtvarn\u00e9ho um\u011bn\u00ed a v\u017edy jsem m\u011bla velkou v\u00e1\u0161e\u0148 pro tvo\u0159en\u00ed s d\u011btmi.<\/p>\n<p data-start=\"280\" data-end=\"607\">Posledn\u00ed dva roky jsem pracovala jako v\u00fdtvarn\u00e1 u\u010ditelka v mate\u0159sk\u00e9 \u0161kole v Brooklynu, kde jsem vedla otev\u0159en\u00e9, procesn\u011b zam\u011b\u0159en\u00e9 lekce pro d\u011bti ve v\u011bku 2\u20135 let. V\u011b\u0159\u00edm, \u017ee v\u00fdtvarn\u00e9 aktivity by se m\u011bly v\u017edy soust\u0159edit na experimentov\u00e1n\u00ed a hru, aby si d\u011bti mohly u\u017e\u00edvat tvo\u0159en\u00ed a vyjad\u0159ovat se prost\u0159ednictv\u00edm r\u016fzn\u00fdch materi\u00e1l\u016f.<\/p>\n<p data-start=\"609\" data-end=\"948\">Poch\u00e1z\u00edm z rodiny u\u010ditel\u016f a m\u011bla jsem r\u016fzn\u00e9 pracovn\u00ed zku\u0161enosti spojen\u00e9 s tvo\u0159en\u00edm s d\u011btmi, kter\u00e9 pro m\u011b byly v\u017edy kr\u00e1sn\u00fdm zp\u016fsobem, jak se s nimi propojit a l\u00e9pe je poznat. Podpora mal\u00fdch um\u011blc\u016f v sebev\u011bdom\u00e9m vyjad\u0159ov\u00e1n\u00ed a hled\u00e1n\u00ed vnit\u0159n\u00edho klidu prost\u0159ednictv\u00edm um\u011bn\u00ed je pro m\u011b nejv\u011bt\u0161\u00ed radost\u00ed a t\u011b\u0161\u00edm se na skv\u011bl\u00fd semestr v Opalince.<\/p>\n<p>[\/et_pb_text][\/et_pb_column][\/et_pb_row][et_pb_row column_structure=&#8220;1_2,1_2&#8243; make_equal=&#8220;on&#8220; _builder_version=&#8220;4.16&#8243; module_alignment=&#8220;center&#8220; custom_margin_tablet=&#8220;&#8220; custom_margin_phone=&#8220;-37px||-50px||false|false&#8220; custom_margin_last_edited=&#8220;on|phone&#8220; global_colors_info=&#8220;{}&#8220;][et_pb_column type=&#8220;1_2&#8243; _builder_version=&#8220;4.16&#8243; background_enable_color=&#8220;off&#8220; custom_padding=&#8220;|||&#8220; global_colors_info=&#8220;{}&#8220; custom_padding__hover=&#8220;|||&#8220;][et_pb_text _builder_version=&#8220;4.16&#8243; header_4_text_color=&#8220;#707070&#8243; background_color=&#8220;#ffffff&#8220; custom_margin=&#8220;||-1px|||&#8220; custom_padding=&#8220;|30px||30px|false|false&#8220; border_radii=&#8220;off|15px|15px||&#8220; global_colors_info=&#8220;{}&#8220;]<\/p>\n<h1 style=\"text-align: center\"><span>Hedvika \u0160tosov\u00e1<\/span><\/h1>\n<h4 style=\"text-align: center\"><span style=\"font-size: 18px\">Asistentka u\u010ditele, rodil\u00e1 mluv\u010d\u00ed \u010desk\u00e9ho jazyka<\/span><\/h4>\n<h4 style=\"text-align: center\"><span>\u00a0<\/span>Vzd\u011bl\u00e1n\u00ed: V\u0160<\/h4>\n<p>[\/et_pb_text][et_pb_text _builder_version=&#8220;4.16&#8243; background_color=&#8220;#ffffff&#8220; custom_margin=&#8220;||||false|false&#8220; custom_padding=&#8220;30px|30px|30px|30px|false|false&#8220; border_radii=&#8220;off|||15px|15px&#8220; locked=&#8220;off&#8220; global_colors_info=&#8220;{}&#8220;]<\/p>\n<p style=\"text-align: justify\">Jmenuji se Hedvika \u0160tosov\u00e1 a studuji speci\u00e1ln\u00ed pedagogiku na Pedagogick\u00e9 fakult\u011b Univerzity Karlovy. Pr\u00e1ce s d\u011btmi m\u011b napl\u0148uje a bav\u00ed m\u011b b\u00fdt sou\u010d\u00e1st\u00ed jejich sv\u011bta pln\u00e9ho fantazie, radosti a objevov\u00e1n\u00ed.<\/p>\n<p style=\"text-align: justify\">R\u00e1da vytv\u00e1\u0159\u00edm prost\u0159ed\u00ed, ve kter\u00e9m se d\u011bti c\u00edt\u00ed bezpe\u010dn\u011b a mohou b\u00fdt samy sebou. Ka\u017ed\u00e9 d\u00edt\u011b vn\u00edm\u00e1m jako jedine\u010dnou osobnost. Bav\u00ed m\u011b podporovat jejich siln\u00e9 str\u00e1nky a p\u0159irozenou chu\u0165 pozn\u00e1vat nov\u00e9 v\u011bci.<\/p>\n<p style=\"text-align: justify\">Zku\u0161enosti jsem z\u00edskala jako anim\u00e1torka v d\u011btsk\u00e9m klubu v Turecku a tak\u00e9 p\u0159i dou\u010dov\u00e1n\u00ed d\u011bt\u00ed v n\u00e1ro\u010dn\u00fdch \u017eivotn\u00edch situac\u00edch. M\u00e1m zku\u0161enosti i s hl\u00edd\u00e1n\u00edm d\u011bt\u00ed, kde kladu d\u016fraz na laskav\u00fd a respektuj\u00edc\u00ed p\u0159\u00edstup.<br \/>Ve voln\u00e9m \u010dase se u\u010d\u00edm znakov\u00fd jazyk a p\u016fsob\u00edm jako pr\u016fvodce pro osoby se zrakov\u00fdm posti\u017een\u00edm. V\u011b\u0159\u00edm, \u017ee d\u016fle\u017eit\u00fd je individu\u00e1ln\u00ed p\u0159\u00edstup, trp\u011blivost a d\u016fv\u011bra. D\u011bti m\u011b inspiruj\u00ed svou up\u0159\u00edmnost\u00ed a radost\u00ed z mali\u010dkost\u00ed.<\/p>\n<p style=\"text-align: justify\">\n<p>[\/et_pb_text][et_pb_text _builder_version=&#8220;4.16&#8243; background_color=&#8220;#ffffff&#8220; custom_margin=&#8220;||||false|false&#8220; custom_padding=&#8220;30px|30px|30px|30px|false|false&#8220; border_radii=&#8220;off|||15px|15px&#8220; global_colors_info=&#8220;{}&#8220;][\/et_pb_text][\/et_pb_column][et_pb_column type=&#8220;1_2&#8243; _builder_version=&#8220;4.16&#8243; global_colors_info=&#8220;{}&#8220;][\/et_pb_column][\/et_pb_row][\/et_pb_section][et_pb_section fb_built=&#8220;1&#8243; admin_label=&#8220;Contact Info&#8220; module_id=&#8220;kontakt&#8220; _builder_version=&#8220;4.16&#8243; background_color=&#8220;#fab400&#8243; background_image=&#8220;https:\/\/www.opalinka.cz\/flora\/wp-content\/uploads\/sites\/2\/2020\/02\/day_care_bg_02.png&#8220; background_position=&#8220;top_center&#8220; module_alignment=&#8220;right&#8220; min_height=&#8220;444px&#8220; custom_margin=&#8220;-4px|||||&#8220; custom_padding=&#8220;8vw||0px||false|false&#8220; top_divider_style=&#8220;waves&#8220; top_divider_color=&#8220;#ffffff&#8220; top_divider_height=&#8220;6vw&#8220; top_divider_repeat=&#8220;0.75x&#8220; top_divider_flip=&#8220;vertical&#8220; border_radii=&#8220;||||&#8220; box_shadow_style=&#8220;preset6&#8243; box_shadow_vertical=&#8220;100px&#8220; box_shadow_blur=&#8220;140px&#8220; box_shadow_spread=&#8220;-40px&#8220; box_shadow_color=&#8220;rgba(0,0,0,0.07)&#8220; global_module=&#8220;76&#8243; saved_tabs=&#8220;all&#8220; global_colors_info=&#8220;{}&#8220;][et_pb_row column_structure=&#8220;1_3,1_3,1_3&#8243; make_equal=&#8220;on&#8220; _builder_version=&#8220;4.16&#8243; custom_margin=&#8220;|auto|39px|auto||&#8220; global_colors_info=&#8220;{}&#8220;][et_pb_column type=&#8220;1_3&#8243; _builder_version=&#8220;4.16&#8243; custom_padding=&#8220;|||&#8220; global_colors_info=&#8220;{}&#8220; custom_padding__hover=&#8220;|||&#8220;][et_pb_text _builder_version=&#8220;4.16&#8243; header_2_font=&#8220;|700|||||||&#8220; header_2_font_size=&#8220;28px&#8220; global_colors_info=&#8220;{}&#8220;]<\/p>\n<h2>Kontakt&nbsp;<\/h2>\n<p>[\/et_pb_text][et_pb_text _builder_version=&#8220;4.27.4&#8243; global_colors_info=&#8220;{}&#8220;]<\/p>\n<p><span style=\"background-color: #fab400;font-size: 14px\">Opalinka mate\u0159sk\u00e1 \u0161kola a jesle s.r.o.<\/span><span style=\"font-size: 14px\">\u00a0 \u00a0 \u00a0 <\/span><\/p>\n<p><span style=\"background-color: #fab400;font-size: 14px\">Pobo\u010dka Bubene\u010d\u00a0<\/span><span style=\"font-size: 14px\">\u00a0 \u00a0 \u00a0 \u00a0 \u00a0 \u00a0 \u00a0 \u00a0 \u00a0 \u00a0 \u00a0 \u00a0 \u00a0<\/span><\/p>\n<p>Jednatelka Mgr. Elena \u0160arifov\u00e1<br \/><a href=\"tel:+420773529411\">+420 773 529 411<\/a><\/p>\n<p><u><a href=\"mailto:bubenec@opalinka.cz\">bubenec@opalinka.cz<\/a><\/u><br \/><span style=\"text-decoration: underline\"> <a href=\"https:\/\/www.facebook.com\/opalinka\u00a0\" target=\"_blank\" rel=\"noopener noreferrer\">facebook.com\/opalinka<\/a><\/span><\/p>\n<p>&nbsp;<\/p>\n<p>[\/et_pb_text][et_pb_text _builder_version=&#8220;4.16&#8243; header_2_font=&#8220;|700|||||||&#8220; header_2_font_size=&#8220;28px&#8220; global_colors_info=&#8220;{}&#8220;]<\/p>\n<h2>Dal\u0161\u00ed pobo\u010dky&nbsp;<\/h2>\n<p>[\/et_pb_text][et_pb_text _builder_version=&#8220;4.21.0&#8243; custom_margin_tablet=&#8220;&#8220; custom_margin_phone=&#8220;||31px||false|false&#8220; custom_margin_last_edited=&#8220;on|phone&#8220; global_colors_info=&#8220;{}&#8220;]<\/p>\n<p>Webov\u00fd rozcestn\u00edk<br \/><a href=\"http:\/\/www.opalinka.cz\" target=\"_blank\" rel=\"noopener noreferrer\"><span style=\"text-decoration: underline\">www.opalinka.cz\u00a0<\/span><\/a><\/p>\n<p>Pobo\u010dka Flora<br \/><span style=\"text-decoration: underline\"><a href=\"https:\/\/www.opalinka.cz\/flora\" target=\"_blank\" rel=\"noopener noreferrer\">www.opalinka.cz\/flora\u00a0<\/a><\/span><\/p>\n<p>[\/et_pb_text][\/et_pb_column][et_pb_column type=&#8220;1_3&#8243; _builder_version=&#8220;4.16&#8243; background_enable_color=&#8220;off&#8220; custom_padding=&#8220;|||&#8220; global_colors_info=&#8220;{}&#8220; custom_padding__hover=&#8220;|||&#8220;][et_pb_text _builder_version=&#8220;4.16&#8243; header_2_font=&#8220;|700|||||||&#8220; header_2_font_size=&#8220;28px&#8220; global_colors_info=&#8220;{}&#8220;]<\/p>\n<h2>Kudy k n\u00e1m<\/h2>\n<p>[\/et_pb_text][et_pb_text _builder_version=&#8220;4.20.4&#8243; header_text_color=&#8220;#000000&#8243; min_height=&#8220;81px&#8220; custom_padding=&#8220;||0px|||&#8220; global_colors_info=&#8220;{}&#8220;]<\/p>\n<p>\u010cechova 587\/29<\/p>\n<p>170 00 Praha 7-Bubene\u010d<\/p>\n<p>Otev\u0159eno<br \/>po-p\u00e1 8.00-18.00 hod.<\/p>\n<p>[\/et_pb_text][et_pb_text _builder_version=&#8220;4.16&#8243; global_colors_info=&#8220;{}&#8220;][\/et_pb_text][\/et_pb_column][et_pb_column type=&#8220;1_3&#8243; _builder_version=&#8220;4.16&#8243; background_enable_color=&#8220;off&#8220; custom_padding=&#8220;|||&#8220; global_colors_info=&#8220;{}&#8220; custom_padding__hover=&#8220;|||&#8220;][et_pb_text _builder_version=&#8220;4.16&#8243; header_2_font=&#8220;|700|||||||&#8220; header_2_font_size=&#8220;28px&#8220; global_colors_info=&#8220;{}&#8220;]<\/p>\n<h2>Provozovatel<\/h2>\n<p>[\/et_pb_text][et_pb_text _builder_version=&#8220;4.16&#8243; header_text_color=&#8220;#000000&#8243; global_colors_info=&#8220;{}&#8220;]Opalinka mate\u0159sk\u00e1 \u0161kola a jesle s.r.o.<\/p>\n<p>I\u010cO:&nbsp;03708411<\/p>\n<p>Spisov\u00e1 zna\u010dka:&nbsp;C 236535 veden\u00e1 u M\u011bstsk\u00e9ho soudu v Praze[\/et_pb_text][et_pb_text _builder_version=&#8220;4.16&#8243; header_2_font=&#8220;|700|||||||&#8220; header_2_font_size=&#8220;28px&#8220; global_colors_info=&#8220;{}&#8220;]<\/p>\n<h2>P\u0159ihl\u00e1\u0161ka<\/h2>\n<p>[\/et_pb_text][et_pb_text _builder_version=&#8220;4.21.0&#8243; header_text_color=&#8220;#000000&#8243; link_option_url=&#8220;https:\/\/www.opalinka.cz\/bubenec\/cenik-a-prihlaska-anglicky-program\/&#8220; global_colors_info=&#8220;{}&#8220;]<\/p>\n<p>Chcete, aby i Va\u0161e d\u011bti nav\u0161t\u011bvovaly anglicko-\u010deskou \u0161kolku s rodil\u00fdmi mluv\u010d\u00edmi? P\u0159ihlaste je k n\u00e1m do Opalinky!<\/p>\n<p>Formul\u00e1\u0159 p\u0159ihl\u00e1\u0161ky najdete <span style=\"text-decoration: underline\"><strong><a href=\"https:\/\/www.opalinka.cz\/bubenec\/cenik-a-prihlaska-anglicky-program\/\">ZDE<\/a><\/strong><\/span>.<\/p>\n<p>[\/et_pb_text][\/et_pb_column][\/et_pb_row][et_pb_row column_structure=&#8220;1_3,2_3&#8243; _builder_version=&#8220;4.16&#8243; background_color=&#8220;rgba(255,255,255,0.56)&#8220; custom_margin=&#8220;||||false|false&#8220; custom_padding=&#8220;|20px||20px|false|false&#8220; global_colors_info=&#8220;{}&#8220;][et_pb_column type=&#8220;1_3&#8243; _builder_version=&#8220;4.16&#8243; global_colors_info=&#8220;{}&#8220;][et_pb_image src=&#8220;https:\/\/www.opalinka.cz\/flora\/wp-content\/uploads\/sites\/2\/2020\/02\/EU_Dotace_loga_web-1.png&#8220; _builder_version=&#8220;4.16&#8243; global_colors_info=&#8220;{}&#8220;][\/et_pb_image][\/et_pb_column][et_pb_column type=&#8220;2_3&#8243; _builder_version=&#8220;4.16&#8243; global_colors_info=&#8220;{}&#8220;][et_pb_text _builder_version=&#8220;4.16&#8243; global_colors_info=&#8220;{}&#8220;]<\/p>\n<p style=\"text-align: justify\"><span>Dovolujeme si V\u00e1s informovat, \u017ee se n\u00e1m poda\u0159ilo usp\u011bt s\u00a0\u017e\u00e1dost\u00ed o dotaci z fond\u016f Evropsk\u00e9 unie, a to v r\u00e1mci Opera\u010dn\u00edho programu Jana Amose Komensk\u00e9ho\u00a0(\u0160ablony IV. pro OPALINKA mate\u0159sk\u00e1 \u0161kola a jesle s.r.o., reg.\u010d\u00edslo je\u00a0<\/span><span>CZ.02.02.XX\/00\/22_002\/0006357<\/span><span>). Na\u0161im c\u00edlem je z<\/span><span>vy\u0161ov\u00e1n\u00ed kvality, inkluzivity a \u00fa\u010dinnosti syst\u00e9mu vzd\u011bl\u00e1v\u00e1n\u00ed.<\/span><span>\u00a0Person\u00e1ln\u00ed podpora dvojjazy\u010dn\u00e9ho asistenta pedagoga, usnadn\u011bn\u00ed p\u0159echodu d\u011bt\u00ed do M\u0160 a n\u00e1sledn\u011b do Z\u0160.\u00a0<\/span><\/p>\n<div id=\"content\">\n<section class=\"has-sky\" id=\"detail\">\n<div class=\"scrollable\">\n<div class=\"content\">\n<div class=\"message\" data-message-id=\"48017\">\n<div class=\"body apply-styles\" lang=\"cs\">\n<div id=\"-wm-signature\">\n<div><\/div>\n<\/div>\n<\/div>\n<\/div>\n<\/div>\n<\/div>\n<\/section>\n<\/div>\n<p><span><\/span><\/p>\n<p>[\/et_pb_text][\/et_pb_column][\/et_pb_row][et_pb_row _builder_version=&#8220;4.16&#8243; global_colors_info=&#8220;{}&#8220;][et_pb_column type=&#8220;4_4&#8243; _builder_version=&#8220;4.16&#8243; global_colors_info=&#8220;{}&#8220;][\/et_pb_column][\/et_pb_row][\/et_pb_section]<\/p>\n","protected":false},"excerpt":{"rendered":"<p>T\u00fdm pro \u010desko-anglick\u00fd program Seznamte se se \u010dleny na\u0161eho t\u00fdmu. Rodil\u00ed mluv\u010d\u00ed u\u010d\u00ed angli\u010dtinu formou her a p\u0159irozen\u00e9 komunikace. Va\u0161e d\u011bti tak z\u00edsk\u00e1vaj\u00ed n\u00e1skok p\u0159ed vrstevn\u00edky ji\u017e v \u00fatl\u00e9m v\u011bku.Elena \u0160arifov\u00e1 Jednatelka M\u0160 Vzd\u011bl\u00e1n\u00ed: V\u0160 V\u017edy bylo moji velkou z\u00e1libou u\u010dit se ciz\u00ed jazyky, proto jsem vystudovala pedagogickou univerzitu, obor anglick\u00fd a n\u011bmeck\u00fd jazyk. Z\u00e1rove\u0148 [&hellip;]<\/p>\n","protected":false},"author":1,"featured_media":0,"parent":0,"menu_order":0,"comment_status":"closed","ping_status":"closed","template":"","meta":{"_et_pb_use_builder":"on","_et_pb_old_content":"[et_pb_section fb_built=\"1\" fullwidth=\"on\" custom_padding_last_edited=\"on|phone\" next_background_color=\"#ffffff\" admin_label=\"Header\" _builder_version=\"4.3.4\" background_color=\"#3c6cb3\" background_image=\"https:\/\/www.opalinka.cz\/flora\/wp-content\/uploads\/sites\/2\/2020\/02\/day_care_bg_02.png\" parallax=\"on\" custom_margin=\"||\" custom_padding=\"11vw|||||\" custom_padding_tablet=\"\" custom_padding_phone=\"28vw||||false|false\" bottom_divider_style=\"waves\" bottom_divider_height=\"2vw\" bottom_divider_height_last_edited=\"off|desktop\" global_colors_info=\"{}\"][et_pb_fullwidth_header text_orientation=\"center\" content_max_width=\"850px\" _builder_version=\"4.14.8\" title_font=\"Varela Round|700|||||||\" title_font_size=\"56px\" title_line_height=\"1.4em\" content_font=\"Open Sans||||||||\" content_font_size=\"18px\" content_line_height=\"1.8em\" background_color=\"rgba(126,190,197,0)\" custom_button_one=\"on\" button_one_text_size=\"16px\" button_one_text_color=\"#ff236c\" button_one_bg_color=\"#ffffff\" button_one_border_width=\"12px\" button_one_border_color=\"rgba(0,0,0,0)\" button_one_border_radius=\"50px\" button_one_letter_spacing=\"4px\" button_one_font=\"Varela Round|700||on|||||\" button_one_use_icon=\"off\" custom_button_two=\"on\" button_two_text_size=\"16px\" button_two_text_color=\"#ff236c\" button_two_bg_color=\"#ffffff\" button_two_border_width=\"12px\" button_two_border_color=\"#ffffff\" button_two_border_radius=\"50px\" button_two_letter_spacing=\"4px\" button_two_font=\"Varela Round|900||on|||||\" button_two_use_icon=\"off\" min_height=\"206px\" custom_margin=\"-105px||-3px|||\" custom_padding=\"0px||0px||true|\" custom_padding_last_edited=\"off|desktop\" animation_style=\"zoom\" animation_intensity_zoom=\"5%\" title_font_size_tablet=\"60px\" title_font_size_phone=\"40px\" title_font_size_last_edited=\"on|phone\" content_font_size_tablet=\"\" content_font_size_phone=\"16px\" content_font_size_last_edited=\"on|phone\" custom_css_header_container=\"width: 100%;\" title_text_shadow_style=\"preset1\" title_text_shadow_blur_strength=\"0.14em\" title_text_shadow_color=\"rgba(0,0,0,0.12)\" box_shadow_style_button_one=\"preset3\" box_shadow_blur_button_one=\"48px\" button_one_letter_spacing_hover=\"4px\" button_two_letter_spacing_hover=\"4px\" global_colors_info=\"{}\" button_one_text_size__hover_enabled=\"off\" button_two_text_size__hover_enabled=\"off\" button_one_text_color__hover_enabled=\"off\" button_two_text_color__hover_enabled=\"off\" button_one_border_width__hover_enabled=\"off\" button_two_border_width__hover_enabled=\"off\" button_one_border_color__hover_enabled=\"off\" button_two_border_color__hover_enabled=\"off\" button_one_border_radius__hover_enabled=\"off\" button_two_border_radius__hover_enabled=\"off\" button_one_letter_spacing__hover_enabled=\"on\" button_one_letter_spacing__hover=\"4px\" button_two_letter_spacing__hover_enabled=\"on\" button_two_letter_spacing__hover=\"4px\" button_one_bg_color__hover_enabled=\"off\" button_two_bg_color__hover_enabled=\"off\" background_color__hover=\"#7EBEC5\" background_color__hover_enabled=\"#7EBEC5\" use_background_color_gradient__hover=\"off\" use_background_color_gradient__hover_enabled=\"off\" background_color_gradient_start__hover=\"#2b87da\" background_color_gradient_start__hover_enabled=\"#2b87da\" background_color_gradient_end__hover=\"#29c4a9\" background_color_gradient_end__hover_enabled=\"#29c4a9\" background_color_gradient_type__hover=\"linear\" background_color_gradient_type__hover_enabled=\"linear\" background_color_gradient_direction__hover=\"180deg\" background_color_gradient_direction__hover_enabled=\"180deg\" background_color_gradient_direction_radial__hover=\"center\" background_color_gradient_direction_radial__hover_enabled=\"center\" background_color_gradient_start_position__hover=\"0%\" background_color_gradient_start_position__hover_enabled=\"0%\" background_color_gradient_end_position__hover=\"100%\" background_color_gradient_end_position__hover_enabled=\"100%\" background_color_gradient_overlays_image__hover=\"off\" background_color_gradient_overlays_image__hover_enabled=\"off\" parallax__hover=\"off\" parallax__hover_enabled=\"off\" parallax_method__hover=\"off\" parallax_method__hover_enabled=\"off\" background_size__hover=\"cover\" background_size__hover_enabled=\"cover\" background_position__hover=\"center\" background_position__hover_enabled=\"center\" background_repeat__hover=\"no-repeat\" background_repeat__hover_enabled=\"no-repeat\" background_blend__hover=\"normal\" background_blend__hover_enabled=\"normal\" allow_player_pause__hover=\"off\" allow_player_pause__hover_enabled=\"off\" background_video_pause_outside_viewport__hover=\"on\" background_video_pause_outside_viewport__hover_enabled=\"on\"]\n<h1>T\u00fdm pro \u010desko-anglick\u00fd program<\/h1>\nSeznamte se se \u010dleny na\u0161eho t\u00fdmu. Rodil\u00ed mluv\u010d\u00ed u\u010d\u00ed angli\u010dtinu formou her a p\u0159irozen\u00e9 komunikace. Va\u0161e d\u011bti tak z\u00edsk\u00e1vaj\u00ed n\u00e1skok p\u0159ed vrstevn\u00edky ji\u017e\nv \u00fatl\u00e9m v\u011bku.\n\n[\/et_pb_fullwidth_header][et_pb_fullwidth_image src=\"https:\/\/www.opalinka.cz\/flora\/wp-content\/uploads\/sites\/2\/2020\/02\/Opalinka-dome\u010dek.png\" _builder_version=\"4.3.4\" custom_margin=\"-15vw|||||\" custom_padding=\"44px|||||\" filter_brightness=\"110%\" animation_style=\"slide\" animation_direction=\"bottom\" animation_intensity_slide=\"1%\" global_colors_info=\"{}\"]\n[\/et_pb_fullwidth_image][\/et_pb_section][et_pb_section fb_built=\"1\" admin_label=\"Staff\" _builder_version=\"4.3.4\" background_image=\"https:\/\/www.opalinka.cz\/flora\/wp-content\/uploads\/sites\/2\/2020\/02\/day_care_img_16.png\" background_size=\"contain\" background_position=\"top_center\" background_repeat=\"repeat\" custom_padding=\"|||\" background_last_edited=\"on|phone\" background_enable_image_phone=\"off\" global_colors_info=\"{}\"][et_pb_row column_structure=\"1_2,1_2\" make_equal=\"on\" _builder_version=\"4.14.8\" module_alignment=\"center\" custom_margin_tablet=\"\" custom_margin_phone=\"-28px||0px||false|false\" custom_margin_last_edited=\"on|phone\" hover_enabled=\"0\" global_colors_info=\"{}\" sticky_enabled=\"0\"][et_pb_column type=\"1_2\" _builder_version=\"4.3.4\" background_enable_color=\"off\" custom_padding=\"|||\" global_colors_info=\"{}\" custom_padding__hover=\"|||\"][et_pb_image src=\"https:\/\/www.opalinka.cz\/flora\/wp-content\/uploads\/sites\/2\/2022\/09\/DSC_5526a.jpg\" title_text=\"DSC_5526a\" align=\"center\" _builder_version=\"4.14.8\" width=\"65%\" module_alignment=\"center\" border_radii=\"on|10px|10px|10px|10px\" global_colors_info=\"{}\"][\/et_pb_image][et_pb_text _builder_version=\"4.14.8\" header_4_text_color=\"#707070\" background_color=\"#ffffff\" custom_margin=\"||-1px|||\" custom_padding=\"|30px||30px|false|false\" hover_enabled=\"0\" border_radii=\"off|15px|15px||\" global_colors_info=\"{}\" sticky_enabled=\"0\"]\n<h1 style=\"text-align: center;\">Elena \u0160arifova<span style=\"font-size: 18px; color: #707070;\"><\/span><\/h1>\n<h1 style=\"text-align: center;\"><span style=\"font-size: 18px; color: #707070;\">Jednatelka M\u0160<\/span><\/h1>\n<h4 style=\"text-align: center;\">Vzd\u011bl\u00e1n\u00ed: V\u0160<\/h4>\n<h4 style=\"text-align: center;\"><\/h4>\n[\/et_pb_text][et_pb_text _builder_version=\"4.14.8\" background_color=\"#ffffff\" custom_margin=\"||||false|false\" custom_padding=\"30px|30px|30px|30px|false|false\" border_radii=\"off|||15px|15px\" global_colors_info=\"{}\"]\n<p style=\"text-align: justify\">V\u017edy bylo moji velkou z\u00e1libou u\u010dit se ciz\u00ed jazyky, proto jsem vystudovala pedagogickou univerzitu, obor anglick\u00fd a n\u011bmeck\u00fd jazyk. Z\u00e1rove\u0148 jsem v\u017edycky t\u00edhla k d\u011btem, sama m\u00e1m 3 d\u011bti, a proto jsem se rozhodla v roce 2005 zalo\u017eit jazykov\u00e9 centrum pro d\u011bti p\u0159ed\u0161koln\u00edho a \u0161koln\u00edho v\u011bku. Ze sv\u00fdch zku\u0161enost\u00ed v\u00edm, \u017ee \u010d\u00edm d\u0159\u00edv se d\u00edt\u011b za\u010dne u\u010dit ciz\u00ed jazyk, t\u00edm l\u00edp. D\u011bti v tomto obdob\u00ed se u\u010d\u00ed jazyk rychle, nep\u0159em\u00fd\u0161l\u00ed nad t\u00edm jako dosp\u011bl\u00ed. M\u00fdm c\u00edlem tedy je u\u010dit d\u011bti ciz\u00ed jazyk hrou, aby u\u010den\u00ed prob\u00edhalo p\u0159irozenou cestou.<\/p>\n<p style=\"text-align: justify\">N\u00e1sledn\u011b po z\u00edsk\u00e1n\u00ed mnoho zku\u0161enost\u00ed s&nbsp;u\u010den\u00edm jazyka d\u011bt\u00ed, jsem v&nbsp;roce 2015 zalo\u017eila \u010desko-anglickou mate\u0159skou \u0161kolu. Je pro m\u011b radost vid\u011bt, kdy\u017e d\u00edt\u011b za\u010dne mluvit nejen jedn\u00edm ciz\u00edm jazykem, ale dv\u011bma z\u00e1rove\u0148. V\u00edm, \u017ee velmi kl\u00ed\u010dov\u00fdm faktorem jsou u\u010ditel\u00e9, j\u00e1 vyb\u00edr\u00e1m v\u017edy srdcem a n\u011bjakou svoj\u00ed intuic\u00ed a mus\u00edm podotknout, \u017ee se mi to da\u0159\u00ed. M\u00e1me skv\u011bl\u00fd t\u00fdm u\u010ditelek.<\/p>\n[\/et_pb_text][\/et_pb_column][et_pb_column type=\"1_2\" _builder_version=\"4.2.2\" global_colors_info=\"{}\"][et_pb_image src=\"https:\/\/www.opalinka.cz\/flora\/wp-content\/uploads\/sites\/2\/2022\/09\/DSC_5521-2-scaled.jpg\" title_text=\"DSC_5521\" align=\"center\" _builder_version=\"4.14.8\" width=\"65%\" module_alignment=\"center\" border_radii=\"on|10px|10px|10px|10px\" global_colors_info=\"{}\"][\/et_pb_image][et_pb_text _builder_version=\"4.7.7\" header_4_text_color=\"#707070\" background_color=\"#ffffff\" custom_margin=\"||-1px|||\" custom_padding=\"|30px||30px|false|false\" border_radii=\"off|15px|15px||\" global_colors_info=\"{}\"]\n<h1 style=\"text-align: center\">Aneta \u0158ezn\u00ed\u010dkov\u00e1<\/h1>\n<h4 style=\"text-align: center\"><span>\u0158editelka, u\u010ditelka, rodil\u00e1 mluv\u010d\u00ed \u010desk\u00e9ho jazyka<\/span><\/h4>\n<h4 style=\"text-align: center\">Vzd\u011bl\u00e1n\u00ed: V\u0160<\/h4>\n[\/et_pb_text][et_pb_text _builder_version=\"4.7.7\" background_color=\"#ffffff\" custom_padding=\"30px|30px|30px|30px|false|false\" border_radii=\"off|||15px|15px\" global_colors_info=\"{}\"]\n<p style=\"text-align: justify\"><span>\"<\/span><span>Moje cel\u00e9 studium od st\u0159edn\u00ed \u0161koly a\u017e po z\u00edsk\u00e1n\u00ed magistersk\u00e9ho titulu bylo zam\u011b\u0159en\u00e9 na p\u0159ed\u0161koln\u00ed vzd\u011bl\u00e1v\u00e1n\u00ed. St\u0159edn\u00ed \u0161kola m\u011b p\u0159ipravila na pr\u00e1ci s d\u011btmi zejm\u00e9na po praktick\u00e9 str\u00e1nce. Intenzivn\u011b jsem pracovala s d\u011btmi v mate\u0159sk\u00fdch \u0161kol\u00e1ch v r\u00e1mci prax\u00ed a vytv\u00e1\u0159ela jsem loutkov\u00e9 p\u0159edstaven\u00ed pro d\u011bti, \u00fa\u010dinkovala jsem v divadeln\u00edch a hudebn\u00edch p\u0159edstaven\u00ed pro d\u011bti, zapojovala se do po\u0159\u00e1d\u00e1n\u00ed akc\u00ed se vzd\u011bl\u00e1vac\u00edm charakterem. Vysok\u00e1 \u0161kola mi dala n\u00e1hled na p\u0159ed\u0161koln\u00ed vzd\u011bl\u00e1v\u00e1n\u00ed daleko v hlub\u0161\u00edm rozm\u011bru. P\u0159ed\u0161koln\u00ed obdob\u00ed d\u00edt\u011bte pat\u0159\u00ed mezi nejkl\u00ed\u010dov\u011bj\u0161\u00edch etap \u017eivota d\u00edt\u011bte. V tomto obdob\u00ed je mozek d\u00edt\u011bte nejplasti\u010dt\u011bj\u0161\u00ed a doslova v\u0161e nas\u00e1v\u00e1 jako houba. M\u00e1 velk\u00fd vliv na vztah a \u00fasp\u011b\u0161nost v dal\u0161\u00edm u\u010den\u00ed na z\u00e1kladn\u00ed \u0161kole. M\u00fdm c\u00edlem tedy je rozv\u00edjet d\u00edt\u011b tak, aby dos\u00e1hlo sv\u00e9 maxim\u00e1ln\u00ed mo\u017en\u00e9 \u00farovn\u011b v\u00fdvoje po str\u00e1nce psychick\u00e9, emocion\u00e1ln\u00ed, fyzick\u00e9, soci\u00e1ln\u00ed a tak\u00e9 v u\u010den\u00ed. Zkr\u00e1tka, aby bylo p\u0159ipraven\u00e9 na povinnou \u0161koln\u00ed doch\u00e1zku. Ka\u017ed\u00fd je jedine\u010dn\u00fd a typick\u00fd, proto je pot\u0159eba i k d\u011btem p\u0159istupovat individu\u00e1ln\u011b a respektovat jeho osobnost, a t\u00edm upev\u0148ovat jeho sebepojet\u00ed. Podporovat jejich zv\u00eddavost za pomoc\u00ed ot\u00e1zek a v\u00e9st je k takov\u00e9mu u\u010den\u00ed, kde d\u00edt\u011b na z\u00e1klad\u011b her a aktivn\u00ed \u010dinnosti p\u0159ich\u00e1z\u00ed na informace a z\u00edsk\u00e1vaj\u00ed zku\u0161enosti bez p\u0159ed\u00e1v\u00e1n\u00ed hotov\u00fdch poznatk\u016f. B\u011bhem studi\u00ed jsem v letn\u00edch m\u011bs\u00edc\u00edch pom\u00e1hala v mate\u0159sk\u00fdch \u0161kol\u00e1ch jako u\u010ditelka. V pr\u016fb\u011bhu vysok\u00e9 \u0161koly jsem d\u00e1le v r\u00e1mci praktick\u00e9 st\u00e1\u017ei p\u016fsobila jako u\u010ditelka p\u0159ed\u0161koln\u00edch d\u011bt\u00ed v \u010desko-slovensk\u00e9 \u0161kole v Lond\u00fdn\u011b a n\u00e1sledn\u011b jako asistentka u\u010ditele v anglick\u00e9 mate\u0159sk\u00e9 a z\u00e1kladn\u00ed \u0161kole v Lond\u00fdn\u011b. Pr\u00e1ce s d\u011btma m\u011b napl\u0148uje, je pro m\u011b d\u016fle\u017eit\u00e9, abych pomohla d\u011btem z\u00edskat d\u016fv\u011bru v s\u00e1m sebe a neust\u00e1le je motivovat k objevov\u00e1n\u00ed sv\u011bta kolem nich, aby u\u010den\u00ed bylo hrou, m\u011bly kladn\u00fd vztah k u\u010den\u00ed, aby se t\u011b\u0161ily z nov\u011b z\u00edskan\u00fdch zku\u0161enost\u00ed a informac\u00ed a zkr\u00e1tka odkr\u00fdt na povrch, co v nich je. A v neposledn\u00ed \u0159ad\u011b, abych i j\u00e1 se neust\u00e1le zdokonalovala a byla dobrou u\u010ditelkou<\/span><span>.\"<\/span><\/p>\n[\/et_pb_text][\/et_pb_column][\/et_pb_row][et_pb_row column_structure=\"1_2,1_2\" make_equal=\"on\" _builder_version=\"4.14.8\" module_alignment=\"center\" custom_margin_tablet=\"\" custom_margin_phone=\"-28px||0px||false|false\" custom_margin_last_edited=\"on|phone\" global_colors_info=\"{}\"][et_pb_column type=\"1_2\" _builder_version=\"4.3.4\" background_enable_color=\"off\" custom_padding=\"|||\" global_colors_info=\"{}\" custom_padding__hover=\"|||\"][et_pb_image src=\"https:\/\/www.opalinka.cz\/flora\/wp-content\/uploads\/sites\/2\/2022\/09\/DSC_5504-scaled.jpg\" title_text=\"DSC_5504\" align=\"center\" _builder_version=\"4.14.8\" width=\"65%\" module_alignment=\"center\" border_radii=\"on|10px|10px|10px|10px\" global_colors_info=\"{}\"][\/et_pb_image][et_pb_text _builder_version=\"4.14.8\" header_4_text_color=\"#707070\" background_color=\"#ffffff\" custom_margin=\"||-1px|||\" custom_padding=\"|30px||30px|false|false\" border_radii=\"off|15px|15px||\" global_colors_info=\"{}\"]\n<h1 style=\"text-align: center\"><span>Lindsey Perrault<\/span><\/h1>\n<h4 style=\"text-align: center\"><span style=\"font-size: 18px\">U\u010ditelka, rodil\u00e1 mluv\u010d\u00ed anglick\u00e9ho jazyka<\/span><\/h4>\n<h4 style=\"text-align: center\"><span>&nbsp;<\/span>Vzd\u011bl\u00e1n\u00ed: V\u0160<\/h4>\n[\/et_pb_text][et_pb_text _builder_version=\"4.14.8\" background_color=\"#ffffff\" custom_margin=\"||||false|false\" custom_padding=\"30px|30px|30px|30px|false|false\" border_radii=\"off|||15px|15px\" global_colors_info=\"{}\"]\n\n\"Ahoj, j\u00e1 jsem Lindsey.\nJsem u\u010ditelem u\u017e mnoho let a naprosto to miluji!\nVe sv\u00e9 domovsk\u00e9 zemi - Spojen\u00fdch st\u00e1tech jsem dokon\u010dila bakal\u00e1\u0159sk\u00fd titul v oboru v\u00fdtvarn\u00e9 v\u00fdchovy a z\u00edskal jsem u\u010ditelskou licenci pro v\u0161echny v\u011bkov\u00e9 kategorie. M\u00e1m tak\u00e9 magistersk\u00fd titul v oboru pedagogika a v sou\u010dasn\u00e9 dob\u011b pracuji na sv\u00e9m PhD. v oboru Pedagogika na Univerzit\u011b Karlov\u011b. Ne\u017e jsem se p\u0159est\u011bhoval z USA do Prahy, u\u010dilajsem \u0161est let v\u00fdtvarn\u00e9 um\u011bn\u00ed na ve\u0159ejn\u00e9 st\u0159edn\u00ed \u0161kole a z\u00e1rove\u0148 jsem dou\u010doval a mentoroval studenty. B\u011bhem posledn\u00edch deseti let jsem tak\u00e9 u\u010dila mnoho program\u016f letn\u00edch t\u00e1bor\u016f a um\u011bleck\u00fdch program\u016f. Od p\u0159est\u011bhov\u00e1n\u00ed do Prahy vedu soukrom\u00e9 hodiny angli\u010dtiny a v\u00fdtvarn\u00e9 v\u00fdchovy pro studenty od 2 do 10 let.\u201c\n\n[\/et_pb_text][\/et_pb_column][et_pb_column type=\"1_2\" _builder_version=\"4.2.2\" global_colors_info=\"{}\"][et_pb_image src=\"https:\/\/www.opalinka.cz\/flora\/wp-content\/uploads\/sites\/2\/2022\/09\/DSC_5511-scaled.jpg\" title_text=\"Carolynhartphoto\" align=\"center\" _builder_version=\"4.14.8\" width=\"65%\" module_alignment=\"center\" border_radii=\"on|10px|10px|10px|10px\" global_colors_info=\"{}\"][\/et_pb_image][et_pb_text _builder_version=\"4.14.8\" header_4_text_color=\"#707070\" background_color=\"#ffffff\" custom_margin=\"||-1px|||\" custom_padding=\"|30px||30px|false|false\" border_radii=\"off|15px|15px||\" global_colors_info=\"{}\"]\n<h1 style=\"text-align: center\">Carolyn Hart<\/h1>\n<h4 style=\"text-align: center\"><span>U\u010ditelka, rodil\u00e1 mluv\u010d\u00ed anglick\u00e9ho jazyka<\/span><\/h4>\n<h4 style=\"text-align: center\">Vzd\u011bl\u00e1n\u00ed: V\u0160<\/h4>\n[\/et_pb_text][et_pb_text _builder_version=\"4.7.7\" background_color=\"#ffffff\" custom_padding=\"30px|30px|30px|30px|false|false\" border_radii=\"off|||15px|15px\" global_colors_info=\"{}\"]\n\nJsem Ameri\u010danka a \u017eiji v zahrani\u010d\u00ed se sv\u00fdm man\u017eelem u\u010ditelem v\u00edce ne\u017e 12 let. Jsem m\u00e1mou dvou dosp\u011bl\u00fdch, kte\u0159\u00ed vyrostli ve t\u0159et\u00edch kultur\u00e1ch. Prahu si u\u017e\u00edv\u00e1me pro jej\u00ed bohatou kulturu a kvalitu \u017eivota. Jsme \u0161est\u00fdm rokem v Praze po p\u0159est\u00e1vce v USA b\u011bhem pandemie Covid-19.\n\nDo Opalinky p\u0159ich\u00e1z\u00edm s l\u00e1skou k mal\u00fdm d\u011btem, abych jim pomohla r\u016fst a u\u010dit se. Byla jsem v p\u0159ed\u0161koln\u00ed t\u0159\u00edd\u011b ve \u0161kol\u00e1ch v severn\u00ed Africe, na St\u0159edn\u00edm v\u00fdchod\u011b, v USA a Evrop\u011b. D\u011bti se mohou u\u010dit nejl\u00e9pe, kdy\u017e se ve \u0161kole c\u00edt\u00ed bezpe\u010dn\u011b a je o n\u011b postar\u00e1no. M\u00fdch 8 let v\u00fduky d\u011bt\u00ed z r\u016fzn\u00fdch \u010d\u00e1st\u00ed sv\u011bta mi pomohlo pochopit, jak v\u00e9st d\u011bti p\u0159i h\u0159e, zat\u00edmco se sou\u010dasn\u011b u\u010d\u00ed angli\u010dtinu. Dodr\u017euji osv\u011bd\u010den\u00e9 postupy pro mal\u00e9 d\u011bti z Velk\u00e9 Brit\u00e1nie i USA. Moje obl\u00edben\u00e9 \u010dinnosti jsou zam\u011b\u0159en\u00e9 na gramotnost; \u010dten\u00ed knih a vypr\u00e1v\u011bn\u00ed p\u0159\u00edb\u011bh\u016f. Ch\u00e1pu, \u017ee prost\u0159ed\u00ed je t\u0159et\u00edm u\u010ditelem a sna\u017e\u00edm se, aby t\u0159\u00edda byla podn\u011btn\u00fdm, klidn\u00fdm m\u00edstem. V\u00fduka mal\u00fdch d\u011bt\u00ed je nejvd\u011b\u010dn\u011bj\u0161\u00ed zku\u0161enost\u00ed!\"\n\n[\/et_pb_text][\/et_pb_column][\/et_pb_row][et_pb_row column_structure=\"1_2,1_2\" make_equal=\"on\" _builder_version=\"4.14.8\" module_alignment=\"center\" custom_margin_tablet=\"\" custom_margin_phone=\"-28px||0px||false|false\" custom_margin_last_edited=\"on|phone\" global_colors_info=\"{}\"][et_pb_column type=\"1_2\" _builder_version=\"4.3.4\" background_enable_color=\"off\" custom_padding=\"|||\" global_colors_info=\"{}\" custom_padding__hover=\"|||\"][et_pb_image src=\"https:\/\/www.opalinka.cz\/flora\/wp-content\/uploads\/sites\/2\/2022\/09\/DSC_5508-1-scaled.jpg\" title_text=\"DSC_5508\" align=\"center\" _builder_version=\"4.14.8\" width=\"65%\" module_alignment=\"center\" border_radii=\"on|10px|10px|10px|10px\" global_colors_info=\"{}\"][\/et_pb_image][et_pb_text _builder_version=\"4.14.8\" header_4_text_color=\"#707070\" background_color=\"#ffffff\" custom_margin=\"||-1px|||\" custom_padding=\"|30px||30px|false|false\" border_radii=\"off|15px|15px||\" global_colors_info=\"{}\"]\n<h1 style=\"text-align: center\"><span>Kaity Bitter<\/span><\/h1>\n<h4 style=\"text-align: center\"><span style=\"font-size: 18px\">U\u010ditelka, rodil\u00e1 mluv\u010d\u00ed anglick\u00e9ho jazyka<\/span><\/h4>\n<h4 style=\"text-align: center\"><span>&nbsp;<\/span>Vzd\u011bl\u00e1n\u00ed: V\u0160<\/h4>\n[\/et_pb_text][et_pb_text _builder_version=\"4.3.4\" background_color=\"#ffffff\" custom_margin=\"||||false|false\" custom_padding=\"30px|30px|30px|30px|false|false\" border_radii=\"off|||15px|15px\" locked=\"off\" global_colors_info=\"{}\"]\n<p style=\"text-align: justify\">\"<span>Hello, I\u2019m Kaity!<\/span><\/p>\n\n<div style=\"text-align: justify\"><span>I am from Canada and have lived in the Czech Republic since 2020. I received my TEFL Certification in 2022 and have been working with kids for seven years. I have taught English at a language school in Prague and also with one on one lessons.&nbsp;<\/span><\/div>\n<div style=\"text-align: justify\"><span>I believe that when kids feel safe and loved, magic happens. In the classroom, I want every student to feel valued and cared for, because it is then that they reach their highest potential.&nbsp;<\/span><\/div>\n<div style=\"text-align: justify\"><span>Building an inclusive, caring and curious classroom environment is so important to me. I love reading, art, and having class discussions. Watching students learn and grow is so rewarding as a teacher!\"<\/span><\/div>\n[\/et_pb_text][\/et_pb_column][et_pb_column type=\"1_2\" _builder_version=\"4.2.2\" global_colors_info=\"{}\"][et_pb_image src=\"https:\/\/www.opalinka.cz\/flora\/wp-content\/uploads\/sites\/2\/2022\/09\/DSC_5514-1-scaled.jpg\" title_text=\"DSC_5514\" align=\"center\" _builder_version=\"4.14.8\" width=\"65%\" module_alignment=\"center\" border_radii=\"on|10px|10px|10px|10px\" global_colors_info=\"{}\"][\/et_pb_image][et_pb_text _builder_version=\"4.7.7\" header_4_text_color=\"#707070\" background_color=\"#ffffff\" custom_margin=\"||-1px|||\" custom_padding=\"|30px||30px|false|false\" border_radii=\"off|15px|15px||\" global_colors_info=\"{}\"]\n<h1 style=\"text-align: center\">Lenka Trig<\/h1>\n<h4 style=\"text-align: center\"><span>Asistentka pedagoga, rodil\u00e1 mluv\u010d\u00ed \u010desk\u00e9ho jazyka<\/span><\/h4>\n<h4 style=\"text-align: center\">Vzd\u011bl\u00e1n\u00ed: S\u0160<\/h4>\n[\/et_pb_text][et_pb_text _builder_version=\"4.7.7\" background_color=\"#ffffff\" custom_padding=\"30px|30px|30px|30px|false|false\" border_radii=\"off|||15px|15px\" global_colors_info=\"{}\"]\n<p style=\"text-align: justify\"><span>\"<\/span>Jmenuji se Lenka a d\u011btem se v\u011bnuji bezm\u00e1la 20 let. Svou prvn\u00ed pr\u00e1ci s nimi jsem si zkusila ji\u017e na z\u00e1kladn\u00ed \u0161kole. Vozila jsem v ko\u010d\u00e1rku d\u011bti sv\u00fdch soused\u016f a byla py\u0161n\u00e1 na to, \u017ee mohu n\u011bkomu pomoci. V t\u00e9 dob\u011b jsem byla \u010dlenem divadeln\u00edho krou\u017eku a 5 let p\u011bveck\u00e9ho sboru.<\/p>\n<p style=\"text-align: justify\">B\u011bhem studia na st\u0159edn\u00ed \u0161kole jsem odjela na t\u0159\u00ed m\u011bs\u00ed\u010dn\u00ed au-pair pobyt do Anglie, kde jsem pochopila, \u017ee chci pracovat s d\u011btmi. Bavilo m\u011b u\u010dit je nov\u00fdch v\u011bcem a z\u00e1rove\u0148 b\u00fdt jim kamar\u00e1dem. Proto po st\u0159edn\u00ed \u0161kole jsem absolvovala kurz Ch\u016fva pro d\u011bti do zah\u00e1jen\u00ed povinn\u00e9 \u0161koln\u00ed doch\u00e1zky. N\u011bkolik let jsem pracovala jako u\u010ditelka v \u010desk\u00e9 a tak\u00e9 \u010desko - anglick\u00e9 mate\u0159sk\u00e9 \u0161kole, kde bylo moj\u00ed prioritou vesel\u00e9 d\u011bti a spokojen\u00ed rodi\u010de.<\/p>\n<p style=\"text-align: justify\">S d\u011btmi r\u00e1da d\u011bl\u00e1m hudebn\u00ed, pohybov\u00e9 \u010dinnosti a dal\u0161\u00ed kreativn\u00ed aktivity, kter\u00e9 je posunuj\u00ed kup\u0159edu. D\u011bti mi d\u00e1vaj\u00ed radost do \u017eivota a j\u00e1 se mohu op\u011bt t\u011b\u0161it na dal\u0161\u00ed dny pln\u00e9 nev\u0161edn\u00edch z\u00e1\u017eitk\u016f a jejich bezprost\u0159ednost, kterou na nich MILUJI !<span>\"<\/span><\/p>\n[\/et_pb_text][\/et_pb_column][\/et_pb_row][et_pb_row column_structure=\"1_2,1_2\" make_equal=\"on\" _builder_version=\"4.14.8\" module_alignment=\"center\" custom_margin_tablet=\"\" custom_margin_phone=\"-28px||0px||false|false\" custom_margin_last_edited=\"on|phone\" global_colors_info=\"{}\"][et_pb_column type=\"1_2\" _builder_version=\"4.3.4\" background_enable_color=\"off\" custom_padding=\"|||\" global_colors_info=\"{}\" custom_padding__hover=\"|||\"][et_pb_image src=\"https:\/\/www.opalinka.cz\/flora\/wp-content\/uploads\/sites\/2\/2022\/09\/DSC_7441-scaled.jpg\" title_text=\"DSC_7441\" align=\"center\" _builder_version=\"4.14.8\" width=\"65%\" module_alignment=\"center\" border_radii=\"on|10px|10px|10px|10px\" global_colors_info=\"{}\"][\/et_pb_image][et_pb_text _builder_version=\"4.14.8\" header_4_text_color=\"#707070\" background_color=\"#ffffff\" custom_margin=\"||-1px|||\" custom_padding=\"|30px||30px|false|false\" border_radii=\"off|15px|15px||\" global_colors_info=\"{}\"]\n<h1 style=\"text-align: center\"><span>Adriena Sad\u00edlkov\u00e1&nbsp;<\/span><\/h1>\n<h4 style=\"text-align: center\"><span style=\"font-size: 18px\">Asistentka pedagoga, rodil\u00e1 mluv\u010d\u00ed \u010desk\u00e9ho jazyka<\/span><\/h4>\n<h4 style=\"text-align: center\"><span>&nbsp;<\/span>Vzd\u011bl\u00e1n\u00ed: S\u0160<\/h4>\n[\/et_pb_text][et_pb_text _builder_version=\"4.3.4\" background_color=\"#ffffff\" custom_margin=\"||||false|false\" custom_padding=\"30px|30px|30px|30px|false|false\" border_radii=\"off|||15px|15px\" locked=\"off\" global_colors_info=\"{}\"]\n<p style=\"text-align: justify\">&nbsp;\" <span>V Opalince vypom\u00e1h\u00e1m ji\u017e n\u011bkolik let. Kdy\u017e jsem tady za\u010dala pracovat, tak m\u011b pr\u00e1ce s d\u011btmi, i s t\u011bmi nejmen\u0161\u00edmi, opravdu nadchla, a proto jsem se rozhodla, \u017ee bych se cht\u011bla touto cestou nad\u00e1le ub\u00edrat. M\u00fdm moment\u00e1ln\u00edm c\u00edlem je tedy studovat na vysok\u00e9 \u0161kole obor p\u0159ed\u0161koln\u00ed pedagogika. Miluji sledovat pokroky d\u011bt\u00ed, sm\u00e1t se s nimi nebo si jen tak pov\u00eddat. V\u011b\u0159\u00edm, \u017ee nejd\u016fle\u017eit\u011bj\u0161\u00ed je se k d\u011btem chovat s respektem a l\u00e1skou, aby ve \u0161kolce mohlo b\u00fdt p\u0159\u00edjemn\u00e9 prost\u0159ed\u00ed. \"<\/span><\/p>\n[\/et_pb_text][\/et_pb_column][et_pb_column type=\"1_2\" _builder_version=\"4.2.2\" global_colors_info=\"{}\"][\/et_pb_column][\/et_pb_row][et_pb_row column_structure=\"1_2,1_2\" make_equal=\"on\" _builder_version=\"4.3.4\" module_alignment=\"center\" custom_margin_tablet=\"\" custom_margin_phone=\"-37px||-50px||false|false\" custom_margin_last_edited=\"on|phone\" global_colors_info=\"{}\"][et_pb_column type=\"1_2\" _builder_version=\"4.3.4\" background_enable_color=\"off\" custom_padding=\"|||\" global_colors_info=\"{}\" custom_padding__hover=\"|||\"][et_pb_text _builder_version=\"4.14.8\" background_color=\"#ffffff\" custom_margin=\"||||false|false\" custom_padding=\"30px|30px|30px|30px|false|false\" border_radii=\"off|||15px|15px\" global_colors_info=\"{}\"][\/et_pb_text][\/et_pb_column][et_pb_column type=\"1_2\" _builder_version=\"4.2.2\" global_colors_info=\"{}\"][\/et_pb_column][\/et_pb_row][\/et_pb_section][et_pb_section fb_built=\"1\" admin_label=\"Contact Info\" module_id=\"kontakt\" _builder_version=\"4.2.2\" background_color=\"#fab400\" background_image=\"https:\/\/www.opalinka.cz\/flora\/wp-content\/uploads\/sites\/2\/2020\/02\/day_care_bg_02.png\" background_position=\"top_center\" module_alignment=\"right\" min_height=\"444px\" custom_margin=\"-4px|||||\" custom_padding=\"8vw||0px||false|false\" top_divider_style=\"waves\" top_divider_color=\"#ffffff\" top_divider_height=\"6vw\" top_divider_repeat=\"0.75x\" top_divider_flip=\"vertical\" border_radii=\"||||\" box_shadow_style=\"preset6\" box_shadow_vertical=\"100px\" box_shadow_blur=\"140px\" box_shadow_spread=\"-40px\" box_shadow_color=\"rgba(0,0,0,0.07)\" global_module=\"1416\" saved_tabs=\"all\" global_colors_info=\"{}\"][et_pb_row column_structure=\"1_3,2_3\" _builder_version=\"4.2.2\" background_color=\"rgba(255,255,255,0.56)\" custom_margin=\"||||false|false\" custom_padding=\"|20px||20px|false|false\" global_colors_info=\"{}\"][et_pb_column type=\"1_3\" _builder_version=\"4.2.2\" global_colors_info=\"{}\"][et_pb_image src=\"https:\/\/www.opalinka.cz\/flora\/wp-content\/uploads\/sites\/2\/2020\/02\/EU_Dotace_loga_web-1.png\" _builder_version=\"4.2.2\" global_colors_info=\"{}\"][\/et_pb_image][\/et_pb_column][et_pb_column type=\"2_3\" _builder_version=\"4.2.2\" global_colors_info=\"{}\"][et_pb_text _builder_version=\"4.4.4\" global_colors_info=\"{}\"]\n\n<span>Dovolujeme si V\u00e1s informovat, \u017ee se n\u00e1m poda\u0159ilo usp\u011bt s&nbsp;\u017e\u00e1dost\u00ed o dotaci z fond\u016f Evropsk\u00e9 unie, a to v r\u00e1mci Opera\u010dn\u00edho programu V\u00fdzkum, v\u00fdvoj a vzd\u011bl\u00e1v\u00e1n\u00ed (\u0160ablony III. pro OPALINKA mate\u0159sk\u00e1 \u0161kola a jesle s.r.o., reg.\u010d\u00edslo je CZ.02.3.X\/0.0\/0.0\/20_081\/0022651). Na\u0161im c\u00edlem je zv\u00fd\u0161en\u00ed kvality vzd\u011bl\u00e1v\u00e1n\u00ed a odborn\u00e9 p\u0159\u00edpravy v\u010detn\u011b pos\u00edlen\u00ed jejich relevance pro trh pr\u00e1ce. Person\u00e1ln\u00ed podpora, spole\u010dn\u00e9 vzd\u011bl\u00e1v\u00e1n\u00ed a rozvoj d\u011bt\u00ed a \u017e\u00e1k\u016f ve spolupr\u00e1ci s rodi\u010di\/ve\u0159ejnost\u00ed. Usnadn\u011bn\u00ed p\u0159echodu d\u011bt\u00ed do M\u0160 a n\u00e1sledn\u011b do Z\u0160.&nbsp;<\/span>\n<div id=\"content\">\n<section class=\"has-sky\" id=\"detail\">\n<div class=\"scrollable\">\n<div class=\"content\">\n<div class=\"message\" data-message-id=\"48017\">\n<div class=\"body apply-styles\" lang=\"cs\">\n<div id=\"-wm-signature\">\n<div><\/div>\n<\/div>\n<\/div>\n<\/div>\n<\/div>\n<\/div>\n<\/section><\/div>\n<span><\/span>\n\n[\/et_pb_text][\/et_pb_column][\/et_pb_row][et_pb_row _builder_version=\"4.2.2\" global_colors_info=\"{}\"][et_pb_column type=\"4_4\" _builder_version=\"4.2.2\" global_colors_info=\"{}\"][\/et_pb_column][\/et_pb_row][\/et_pb_section]","_et_gb_content_width":"","footnotes":""},"class_list":["post-25","page","type-page","status-publish","hentry"],"yoast_head":"<!-- This site is optimized with the Yoast SEO plugin v26.6 - https:\/\/yoast.com\/wordpress\/plugins\/seo\/ -->\n<title>T\u00fdm pro anglick\u00fd program - Opalinka Bubene\u010d<\/title>\n<meta name=\"robots\" content=\"noindex, nofollow\" \/>\n<meta property=\"og:locale\" content=\"cs_CZ\" \/>\n<meta property=\"og:type\" content=\"article\" \/>\n<meta property=\"og:title\" content=\"T\u00fdm pro anglick\u00fd program - Opalinka Bubene\u010d\" \/>\n<meta property=\"og:description\" content=\"T\u00fdm pro \u010desko-anglick\u00fd program Seznamte se se \u010dleny na\u0161eho t\u00fdmu. Rodil\u00ed mluv\u010d\u00ed u\u010d\u00ed angli\u010dtinu formou her a p\u0159irozen\u00e9 komunikace. Va\u0161e d\u011bti tak z\u00edsk\u00e1vaj\u00ed n\u00e1skok p\u0159ed vrstevn\u00edky ji\u017e v \u00fatl\u00e9m v\u011bku.Elena \u0160arifov\u00e1 Jednatelka M\u0160 Vzd\u011bl\u00e1n\u00ed: V\u0160 V\u017edy bylo moji velkou z\u00e1libou u\u010dit se ciz\u00ed jazyky, proto jsem vystudovala pedagogickou univerzitu, obor anglick\u00fd a n\u011bmeck\u00fd jazyk. Z\u00e1rove\u0148 [&hellip;]\" \/>\n<meta property=\"og:url\" content=\"https:\/\/www.opalinka.cz\/bubenec\/tym-pro-anglicky-program\/\" \/>\n<meta property=\"og:site_name\" content=\"Opalinka Bubene\u010d\" \/>\n<meta property=\"article:modified_time\" content=\"2026-04-17T12:25:09+00:00\" \/>\n<meta name=\"twitter:card\" content=\"summary_large_image\" \/>\n<meta name=\"twitter:label1\" content=\"Odhadovan\u00e1 doba \u010dten\u00ed\" \/>\n\t<meta name=\"twitter:data1\" content=\"8 minut\" \/>\n<script type=\"application\/ld+json\" class=\"yoast-schema-graph\">{\"@context\":\"https:\/\/schema.org\",\"@graph\":[{\"@type\":\"WebPage\",\"@id\":\"https:\/\/www.opalinka.cz\/bubenec\/tym-pro-anglicky-program\/\",\"url\":\"https:\/\/www.opalinka.cz\/bubenec\/tym-pro-anglicky-program\/\",\"name\":\"T\u00fdm pro anglick\u00fd program - Opalinka Bubene\u010d\",\"isPartOf\":{\"@id\":\"https:\/\/www.opalinka.cz\/bubenec\/#website\"},\"datePublished\":\"2020-02-23T19:04:08+00:00\",\"dateModified\":\"2026-04-17T12:25:09+00:00\",\"breadcrumb\":{\"@id\":\"https:\/\/www.opalinka.cz\/bubenec\/tym-pro-anglicky-program\/#breadcrumb\"},\"inLanguage\":\"cs\",\"potentialAction\":[{\"@type\":\"ReadAction\",\"target\":[\"https:\/\/www.opalinka.cz\/bubenec\/tym-pro-anglicky-program\/\"]}]},{\"@type\":\"BreadcrumbList\",\"@id\":\"https:\/\/www.opalinka.cz\/bubenec\/tym-pro-anglicky-program\/#breadcrumb\",\"itemListElement\":[{\"@type\":\"ListItem\",\"position\":1,\"name\":\"Dom\u016f\",\"item\":\"https:\/\/www.opalinka.cz\/bubenec\/\"},{\"@type\":\"ListItem\",\"position\":2,\"name\":\"T\u00fdm pro anglick\u00fd program\"}]},{\"@type\":\"WebSite\",\"@id\":\"https:\/\/www.opalinka.cz\/bubenec\/#website\",\"url\":\"https:\/\/www.opalinka.cz\/bubenec\/\",\"name\":\"Opalinka Bubene\u010d\",\"description\":\"\",\"potentialAction\":[{\"@type\":\"SearchAction\",\"target\":{\"@type\":\"EntryPoint\",\"urlTemplate\":\"https:\/\/www.opalinka.cz\/bubenec\/?s={search_term_string}\"},\"query-input\":{\"@type\":\"PropertyValueSpecification\",\"valueRequired\":true,\"valueName\":\"search_term_string\"}}],\"inLanguage\":\"cs\"}]}<\/script>\n<!-- \/ Yoast SEO plugin. -->","yoast_head_json":{"title":"T\u00fdm pro anglick\u00fd program - Opalinka Bubene\u010d","robots":{"index":"noindex","follow":"nofollow"},"og_locale":"cs_CZ","og_type":"article","og_title":"T\u00fdm pro anglick\u00fd program - Opalinka Bubene\u010d","og_description":"T\u00fdm pro \u010desko-anglick\u00fd program Seznamte se se \u010dleny na\u0161eho t\u00fdmu. Rodil\u00ed mluv\u010d\u00ed u\u010d\u00ed angli\u010dtinu formou her a p\u0159irozen\u00e9 komunikace. Va\u0161e d\u011bti tak z\u00edsk\u00e1vaj\u00ed n\u00e1skok p\u0159ed vrstevn\u00edky ji\u017e v \u00fatl\u00e9m v\u011bku.Elena \u0160arifov\u00e1 Jednatelka M\u0160 Vzd\u011bl\u00e1n\u00ed: V\u0160 V\u017edy bylo moji velkou z\u00e1libou u\u010dit se ciz\u00ed jazyky, proto jsem vystudovala pedagogickou univerzitu, obor anglick\u00fd a n\u011bmeck\u00fd jazyk. Z\u00e1rove\u0148 [&hellip;]","og_url":"https:\/\/www.opalinka.cz\/bubenec\/tym-pro-anglicky-program\/","og_site_name":"Opalinka Bubene\u010d","article_modified_time":"2026-04-17T12:25:09+00:00","twitter_card":"summary_large_image","twitter_misc":{"Odhadovan\u00e1 doba \u010dten\u00ed":"8 minut"},"schema":{"@context":"https:\/\/schema.org","@graph":[{"@type":"WebPage","@id":"https:\/\/www.opalinka.cz\/bubenec\/tym-pro-anglicky-program\/","url":"https:\/\/www.opalinka.cz\/bubenec\/tym-pro-anglicky-program\/","name":"T\u00fdm pro anglick\u00fd program - Opalinka Bubene\u010d","isPartOf":{"@id":"https:\/\/www.opalinka.cz\/bubenec\/#website"},"datePublished":"2020-02-23T19:04:08+00:00","dateModified":"2026-04-17T12:25:09+00:00","breadcrumb":{"@id":"https:\/\/www.opalinka.cz\/bubenec\/tym-pro-anglicky-program\/#breadcrumb"},"inLanguage":"cs","potentialAction":[{"@type":"ReadAction","target":["https:\/\/www.opalinka.cz\/bubenec\/tym-pro-anglicky-program\/"]}]},{"@type":"BreadcrumbList","@id":"https:\/\/www.opalinka.cz\/bubenec\/tym-pro-anglicky-program\/#breadcrumb","itemListElement":[{"@type":"ListItem","position":1,"name":"Dom\u016f","item":"https:\/\/www.opalinka.cz\/bubenec\/"},{"@type":"ListItem","position":2,"name":"T\u00fdm pro anglick\u00fd program"}]},{"@type":"WebSite","@id":"https:\/\/www.opalinka.cz\/bubenec\/#website","url":"https:\/\/www.opalinka.cz\/bubenec\/","name":"Opalinka Bubene\u010d","description":"","potentialAction":[{"@type":"SearchAction","target":{"@type":"EntryPoint","urlTemplate":"https:\/\/www.opalinka.cz\/bubenec\/?s={search_term_string}"},"query-input":{"@type":"PropertyValueSpecification","valueRequired":true,"valueName":"search_term_string"}}],"inLanguage":"cs"}]}},"_links":{"self":[{"href":"https:\/\/www.opalinka.cz\/bubenec\/wp-json\/wp\/v2\/pages\/25","targetHints":{"allow":["GET"]}}],"collection":[{"href":"https:\/\/www.opalinka.cz\/bubenec\/wp-json\/wp\/v2\/pages"}],"about":[{"href":"https:\/\/www.opalinka.cz\/bubenec\/wp-json\/wp\/v2\/types\/page"}],"author":[{"embeddable":true,"href":"https:\/\/www.opalinka.cz\/bubenec\/wp-json\/wp\/v2\/users\/1"}],"replies":[{"embeddable":true,"href":"https:\/\/www.opalinka.cz\/bubenec\/wp-json\/wp\/v2\/comments?post=25"}],"version-history":[{"count":41,"href":"https:\/\/www.opalinka.cz\/bubenec\/wp-json\/wp\/v2\/pages\/25\/revisions"}],"predecessor-version":[{"id":705,"href":"https:\/\/www.opalinka.cz\/bubenec\/wp-json\/wp\/v2\/pages\/25\/revisions\/705"}],"wp:attachment":[{"href":"https:\/\/www.opalinka.cz\/bubenec\/wp-json\/wp\/v2\/media?parent=25"}],"curies":[{"name":"wp","href":"https:\/\/api.w.org\/{rel}","templated":true}]}}